{"id":148,"date":"2019-09-19T13:25:18","date_gmt":"2019-09-19T13:25:18","guid":{"rendered":"http:\/\/www.derksoverasselt.nl\/?page_id=148"},"modified":"2023-02-21T07:25:29","modified_gmt":"2023-02-21T07:25:29","slug":"schoonenburgsestraat-overasselt","status":"publish","type":"page","link":"https:\/\/www.derksoverasselt.nl\/?page_id=148","title":{"rendered":"9) Media Nieuwbouw Derks"},"content":{"rendered":"\n<figure class=\"wp-block-image size-full\"><img loading=\"lazy\" decoding=\"async\" width=\"746\" height=\"231\" src=\"https:\/\/www.derksoverasselt.nl\/wp-content\/uploads\/2023\/02\/image.png\" alt=\"\" class=\"wp-image-857\" srcset=\"https:\/\/www.derksoverasselt.nl\/wp-content\/uploads\/2023\/02\/image.png 746w, https:\/\/www.derksoverasselt.nl\/wp-content\/uploads\/2023\/02\/image-300x93.png 300w\" sizes=\"auto, (max-width: 746px) 100vw, 746px\" \/><\/figure>\n\n\n\n<p><strong>PLUS-DERKS, AL ANDERHALF JAAR DE TROTS VAN OVERASSELT<br>DOOR MIEKE DE GRAAFF<\/strong><br>Dat de grote supermarkt aan de Lagenhof van toegevoegde waarde is voor Overasselt is wel duidelijk.  De winkel biedt een breed assortiment aan producten en voldoende ruimte om een praatje te maken met wie je daar tegenkomt.<br>Een mooie plek voor ontmoeting waar veel dorpelingen dankbaar gebruik van maken. <br>Maar hoe is het de eigenaren, Theo en Arnold Derks, in die anderhalf jaar vergaan?                                   Bij een lekker kopje koffie in hun lunchroom ben ik door hen bijgepraat.<br>Het was een hele stap, of eigenlijk wel een sprong in het diepe, om vanuit de kleinschalige<br>winkel aan de Hoogstraat te investeren in het megabedrijf dat er nu staat.                                                  Zij moesten zelf alle keuzes maken, maar werden daarin gelukkig wel begeleid door PLUS-Retail.       Vooral het eerste half jaar was moeilijk. Na de feestdagen kwam in januari pas de rust om alles te overzien<br>en op een rijtje te zetten.                                                                                                                      Inmiddels is het draaiboek compleet en loopt alles op rolletjes.<br>De heren zijn tevreden over het resultaat.<br>Op de begroting blijft voldoende geld over om in het bedrijf te investeren, zoals bijvoorbeeld een<br>verbetering van de lunchroom. <br>Enthousiast en met kennis van zaken vertellen Theo en Arnold over alle technische snufjes die hun bedrijf<br>ook toekomstbestendig moeten maken. <br>Zoals o.m. de supermoderne oven in de bakkerij, de klimaatbeheersing in de winkel en de digitale<br>prijskaartjes in de schappen.<br>Op mijn vraag naar de invloed die de prijsstijgingen hebben op het koopgedrag van<br>hun klanten, hebben zij wel een antwoord. <br>De inflatie is rond de 10%, maar wat de klanten nu meer dan voorheen afrekenen bij de kassa is ca. 5%.<br> Hieraan kun je zien dat er meer gebruik wordt gemaakt van acties en er wordt vaker<br>gekozen voor producten uit de B- of C- klasse zoals het eigen Plus-merk.<br>Voor Overasselt is het een prachtige voorziening, maar ook de klanten die van heinde en verre<br>komen zorgen voor het draagvlak dat nodig is voor het voortbestaan hiervan. <br>Voor hen ligt de royale parkeerplaats er uitnodigend bij. <br>Wijwensen de familie Derks veel succes met dit mooie bedrijf.<\/p>\n\n\n\n<figure class=\"wp-block-image size-large is-resized\"><img loading=\"lazy\" decoding=\"async\" src=\"http:\/\/www.derksoverasselt.nl\/wp-content\/uploads\/2022\/03\/242262344_4465213320236473_6640294041819187203_n-1024x768.jpg\" alt=\"\" class=\"wp-image-761\" width=\"371\" height=\"278\" srcset=\"https:\/\/www.derksoverasselt.nl\/wp-content\/uploads\/2022\/03\/242262344_4465213320236473_6640294041819187203_n-1024x768.jpg 1024w, https:\/\/www.derksoverasselt.nl\/wp-content\/uploads\/2022\/03\/242262344_4465213320236473_6640294041819187203_n-300x225.jpg 300w, https:\/\/www.derksoverasselt.nl\/wp-content\/uploads\/2022\/03\/242262344_4465213320236473_6640294041819187203_n-768x576.jpg 768w, https:\/\/www.derksoverasselt.nl\/wp-content\/uploads\/2022\/03\/242262344_4465213320236473_6640294041819187203_n-1536x1152.jpg 1536w, https:\/\/www.derksoverasselt.nl\/wp-content\/uploads\/2022\/03\/242262344_4465213320236473_6640294041819187203_n.jpg 2000w\" sizes=\"auto, (max-width: 371px) 100vw, 371px\" \/><\/figure>\n\n\n\n<figure class=\"wp-block-image size-full\"><img loading=\"lazy\" decoding=\"async\" width=\"310\" height=\"163\" src=\"http:\/\/www.derksoverasselt.nl\/wp-content\/uploads\/2022\/04\/download.png\" alt=\"\" class=\"wp-image-779\" srcset=\"https:\/\/www.derksoverasselt.nl\/wp-content\/uploads\/2022\/04\/download.png 310w, https:\/\/www.derksoverasselt.nl\/wp-content\/uploads\/2022\/04\/download-300x158.png 300w\" sizes=\"auto, (max-width: 310px) 100vw, 310px\" \/><\/figure>\n\n\n\n<p>Aangeboden door&nbsp;<strong>Van Bergen Industriebouw<\/strong><\/p>\n\n\n\n<h1 class=\"wp-block-heading\"><strong>PLUS: &#8216;Intensief samenwerken in bouwteam levert hogere doorloopsnelheid en kostenbesparing op&#8217;<\/strong><\/h1>\n\n\n\n<p><strong>Vertrouwen als drijvende kracht, met een optimaal projectresultaat als doelstelling. En daarbij ook nog meer transparantie, tevredenheid, kostenbesparingen en een hogere doorloopsnelheid. Kan dat? Ja, zegt Arnold Derks, mede eigenaar van supermarkt PLUS in Overasselt. \u201eIntensieve samenwerkingsvormen, zoals een bouwteamconstructie, zijn de sleutel tot succes.\u201d<\/strong><\/p>\n\n\n\n<p><strong>Crissy Mulder&nbsp;3 maart 2022<\/strong><\/p>\n\n\n\n<figure class=\"wp-block-image is-resized\"><img loading=\"lazy\" decoding=\"async\" src=\"https:\/\/assets.deondernemer.nl\/de-ondernemer\/_960x532_crop_center-center_80_none\/Derks-Plus-Overasselt-3-min.jpg?mtime=20220301171339&amp;focal=none&amp;tmtime=20220323194844\" alt=\"Derks Plus Overasselt 3 min\" width=\"354\" height=\"196\"\/><\/figure>\n\n\n\n<p>Voor zijn spiksplinternieuwe PLUS-supermarkt, kozen de gebroeders Derks voor een samenwerking in een bouwteam: een contractvorm waarbij de opdrachtgever, aannemer (Van Bergen Industriebouw) en deskundigen nauw met elkaar samenwerken.<\/p>\n\n\n\n<p>Voor zijn spiksplinternieuwe PLUS-supermarkt, kozen de gebroeders Derks voor een samenwerking in een bouwteam: een contractvorm waarbij de opdrachtgever, aannemer (Van Bergen Industriebouw) en deskundigen nauw met elkaar samenwerken. Dat wil zeggen dat deze partijen, al vanaf de ontwerpfase, met elkaar in contact staan. Samen kijken zij, nog voordat er bindende afspraken over de realisatie gemaakt worden, naar de beste en meest effici\u00ebnte wijze om dit te doen. Het succes van zo\u2019n bouwteam? Dat zit hem volgens Derks in gelijkwaardigheid, onderling vertrouwen, de juiste samenstelling van kennis en vaardigheden en misschien nog wel het meest belangrijkst: het voor ogen houden van het gemeenschappelijke doel.<\/p>\n\n\n\n<h2 class=\"wp-block-heading\"><strong>Hecht familiebedrijf sinds 1844<\/strong><\/h2>\n\n\n\n<p>De PLUS van Derks kent een lange familiegeschiedenis. \u201eAl sinds 1844 verkoopt onze familie eten en levensmiddelen in Overasselt. Sinds 2020 doen we dat onder de PLUS-formule. Mijn broer staat in de bakkerij, mijn schoonzus in de supermarkt en mijn vrouw en ik doen het management en de administratie. Met onze eerste locatie zaten wij in het centrum van Overasselt, maar daar groeiden we uit ons jasje. We wilden groter en kregen een locatie, net buiten het dorp, op het oog. Na goedkeuring van de gemeente, zochten we naar een aannemer. Onze nummer \u00e9\u00e9n eis? De locatie moest eigenlijk al klaar zijn nog voor de bouw begon, want elke week dat je later opengaat, kost je omzet.\u201d<\/p>\n\n\n\n<h2 class=\"wp-block-heading\"><strong>1000 vierkante meter<\/strong><\/h2>\n\n\n\n<p>Overasselt telt slechts zo\u2019n 3300 inwoners. Dus een supermarkt van duizend vierkante meter lijkt misschien wat groot voor zo\u2019n dorp. Toch is het een hele bewuste keus, zegt Derks. \u201eOveral zie je dat parkeerplaatsen onder druk komen te staan, want er moeten woningen gebouwd worden. Maar hier hebben we 77 parkeerplaatsen bij de winkel. Zo willen wij ook mensen van buiten Overasselt aantrekken en een regionale functie vervullen.\u201d<\/p>\n\n\n\n<h2 class=\"wp-block-heading\"><strong>Stukje Oostenrijk in Overasselt<\/strong><\/h2>\n\n\n\n<p>PLUS gaf Derks het vertrouwen de regie in eigen handen te nemen. Daarmee werd hij het eerste aanspreekpunt met aanvragen richting het gebouw; van ontwerp tot uitvoering en van nieuwbouw tot afbouw. Vanuit die verantwoordelijkheid koos Derks voor een samenwerking in een bouwteam. \u201eDezelfde partijen waren betrokken en continu met elkaar in gesprek over het proces. Dat versnelde de procedure. Daarbij waren wij, dankzij de hechte samenwerking met Van Bergen Industriebouw, beter in staat de risico&#8217;s te overzien en te beheersen. Dankzij het bundelen van ervaring en kennis, kwam het project op de meeste effici\u00ebnte wijze tot stand.\u201d<\/p>\n\n\n\n<p>\u2018\u2019Het resultaat? Een ruime supermarkt, zonder plafond en met een grote open bakkerij, geheel volgens de Oostenrijkse look\u201d<\/p>\n\n\n\n<p>Gebroeders Derks van supermarkt PLUS in Overasselt<\/p>\n\n\n\n<p>Het resultaat? Een ruime supermarkt, zonder plafond en met een grote open bakkerij. Geheel volgens de Oostenrijkse look. \u201eEen beetje gekscherend zeggen wij weleens dat we twee koeienstallen tegen elkaar aan gezet hebben, want in de praktijk komt het daar ook op neer. Mijn broer en ik deden de inspiratie voor dat concept in Oostenrijk op. Daar zie je veel ruim opgezette supermarkten met een lunchroom en open bakkerij. Die look &amp; feel combineerden we met de PLUS formule 2.0.\u201d<\/p>\n\n\n\n<h2 class=\"wp-block-heading\"><strong>In vier maanden een nieuwe supermarkt<\/strong><\/h2>\n\n\n\n<p>Dankzij dit concept straalt de winkel rust uit, zegt Derks. En dat trekt mensen aan. \u201eDe omzet stijgt wekelijks en we werken nu al ver boven onze begroting. Daarbij zijn we in 2021 genomineerd voor \u2018Mooiste nieuwe supermarkt van Nederland.\u201d Toch moest Derks in de eerste bouwfase nog even wennen. \u201eIk weet nog dat ik dacht: \u2018Er gebeurt helemaal niets\u2019, maar toen begreep ik nog niet dat Van Bergen Industriebouw van het \u2018doordacht plannen\u2019 is. Eerst de planning en de inkoop gereed, nog voordat er \u00e9\u00e9n schep grond verzet wordt. En jawel hoor, die werkwijze wierp al snel zijn vruchten af. In slechts vier maanden tijd stond en een spiksplinternieuwe PLUS. Van Bergen Industriebouw kreeg het zelfs voor elkaar om drie weken eerder klaar te zijn met de ruwbouw, zodat PLUS er nog eerder in kon voor de afbouw.\u201d<\/p>\n\n\n\n<p>\u2018\u2019Wat je met de heren afspreekt, komen ze ook na\u201d<\/p>\n\n\n\n<p>Arnold Derks, mede eigenaar van supermarkt PLUS in Overasselt<\/p>\n\n\n\n<p>De reden van dat snelle succes? Dat zijn toch die korte lijntjes, zegt Derks. \u201eVan Bergen Industriebouw was altijd bereikbaar en dacht nooit in problemen, maar altijd in oplossingen. Tijdens het hele proces, van begin tot eind, verliep de samenwerking prettig. De afspraken die gemaakt werden, werden nagekomen. Van prijs tot planning. Natuurlijk wilde ik als ondernemer zo snel mogelijk open. Het liefst al begin in plaats van eind juni, maar daar was Van Bergen Industriebouw duidelijk over: dat kan niet, want dat gaat ten koste van de kwaliteit. Nee, deze mannen hielden mij geen \u2018mooie praatjes\u2019 voor. Wat je met de heren afspreekt, komen ze ook na.\u201d<\/p>\n\n\n\n<p><strong>Dit artikel kwam tot stand samen met Van Bergen Industriebouw. Kijk voor meer informatie op&nbsp;<\/strong><a href=\"https:\/\/www.vanbergenbouw.nl\/\" target=\"_blank\" rel=\"noreferrer noopener\"><u>https:\/\/www.vanbergenbouw.nl<\/u><\/a>.<\/p>\n\n\n\n<figure class=\"wp-block-image is-resized\"><img loading=\"lazy\" decoding=\"async\" src=\"https:\/\/assets.deondernemer.nl\/de-ondernemer\/_5914x3936_crop_center-center_80_none\/Derks-Plus-Overasselt-1-min.jpg?mtime=20220301171336&amp;focal=none&amp;tmtime=20220323194845\" alt=\"\" width=\"358\" height=\"238\"\/><\/figure>\n\n\n\n<figure class=\"wp-block-image size-full\"><img loading=\"lazy\" decoding=\"async\" width=\"450\" height=\"112\" src=\"http:\/\/www.derksoverasselt.nl\/wp-content\/uploads\/2022\/04\/images.jpg\" alt=\"\" class=\"wp-image-782\" srcset=\"https:\/\/www.derksoverasselt.nl\/wp-content\/uploads\/2022\/04\/images.jpg 450w, https:\/\/www.derksoverasselt.nl\/wp-content\/uploads\/2022\/04\/images-300x75.jpg 300w\" sizes=\"auto, (max-width: 450px) 100vw, 450px\" \/><\/figure>\n\n\n\n<p>\u2018Kansen? De huisvrouw\u2019&nbsp;<\/p>\n\n\n\n<p>Het is dagelijkse kost bij Derks Overasselt; de vrouw doet de boodschappen en de man dood de tijd door zijn auto door de wasstraat te halen. \u201cEn tot voor kort konden ze bij ons op de oude locatie ook nog brandstof tanken, maar hier hebben we gekozen voor laadpalen.\u201d&nbsp;&nbsp;&nbsp;<\/p>\n\n\n\n<p>De verf van de carwash (een roll-over en drie wasboxen) is nog maar net droog of de eerste auto\u2019s meldden zich bij de opening twee maand geleden al voor de ingang. \u201cJa, ze wisten ons meteen goed te vinden\u201d, glundert Theo Derks. Hij is samen met zijn broer Arnold eigenaar van de wasstraat, die onderdeel uitmaakt van een groter geheel. \u201cWe hebben een Plus-supermarkt, een bakkerij en lunchroom. En op de oude locatie hadden we er ook nog een tankstation bij\u201d, legt Derks uit. Met de verhuizing naar de nieuwe locatie aan de Hoogstraat is die komen te vervallen. \u201cNee, het liep best goed. Dat heeft ons dus ook wel een beetje pijn gedaan, maar de gemeente stelde het als eis. De grond waarop we hebben gebouwd was namelijk van de gemeente, dus ze hadden wel wat in de melk te brokkelen.\u201d&nbsp;<\/p>\n\n\n\n<p>Van generatie op generatie&nbsp;<\/p>\n\n\n\n<p>Derks in Overasselt is een familiebedrijf, dat van generatie op generatie voortleeft. De broers Theo en Arnold zijn de vijfde generatie. De nieuwbouwplannen die zij hadden speelden al jaren. \u201cAcht jaar geleden zei de wethouder al tegen ons; let op waar het naar toe ontwikkelt. Elektriciteit en waterstof worden steeds belangrijker. Daarin moet je investeren. En onze cijfers bevestigden die opmerking ook; de omzet van de brandstoffen liep al enige jaren gestaag terug. Vooral door de toegenomen concurrentie en de lage prijzen van de onbemande stations om ons heen. Bijvoorbeeld de Tango in Heumen. Maar goed, we waren als bemand station wel uniek in onze service, daarmee bonden we ook een grote groep vaste klanten aan ons. Vandaar dat we er ook niet vanaf wilden. Maar toch moest het, we wilden nieuw bouwen en daar waren nu eenmaal voorwaarden aan verbonden.\u201d&nbsp;&nbsp;<\/p>\n\n\n\n<p>Niet rouwig&nbsp;<\/p>\n\n\n\n<p>Maar als Derks terugblikt, dan is hij niet helemaal rouwig om het verlies van het tankstation. \u201cAls ik zie hoe snel de energietransitie gaat met de opkomst van de elektrische auto voorop, dan weet ik niet goed hoelang wij nog bestaansrecht zouden hebben gehad. Bovendien waren de investeringen fors, en we hadden ook net vijf jaar voor de verhuizing een flinke investering gedaan. Dus misschien is het goed zo.\u201d&nbsp;<\/p>\n\n\n\n<p>Laadpalen van 22kW&nbsp;<\/p>\n\n\n\n<p>Derks presenteert in Overasselt een uniek concept. De grote Plus-supermarkt is de klantentrekker, daarnaast is er een eigen bakkerij met lunchroom, een wasstraat en vier laadpalen. \u201cIn die laadpalen hebben we flink ge\u00efnvesteerd, het zijn 22kW-laders. Deze zijn sneller dan de thuisladers, maar minder snel dan de snelladers. Maar prima voor hier; mensen doen een half uurtje boodschappen en dan is de auto toch weer redelijk opgeladen\u201d, vertelt Derks. De palen zijn eigendom, het verdienmodel erachter; Derks koopt elektra in en verkoopt deze voor een iets hogere prijs. \u201cHet gaat aardig, maar het kan altijd meer. Daarom kijken we ook naar hoe we er meer ruchtbaarheid aan kunnen geven.\u201d&nbsp;<\/p>\n\n\n\n<p>Oude rollover verhuisde mee&nbsp;<\/p>\n\n\n\n<p>Die ruchtbaarheid is er al wel als het om de wasstraat gaat. \u201cOok op onze oude locatie hadden we al een wasstraat en wasboxen. Maar we hebben het hier grootser neergezet, maar wel de \u2018oude\u2019 rollover van WashTec meeverhuisd. Die was nog prima, zeker na de revisie. We deden een kleine 200 wasbeurten in de week, nu hopen we op een verdubbeling. En het gaat al aardig die kant op\u201d, zegt een enthousiaste Derks. De locatie is onbemand. \u201cWe hebben er weinig omkijken naar, ook in de oude situatie al. En nu hebben klanten nog het voordeel dat ze niet eens naar binnen hoeven voor om af te rekenen. Pinnen kan bij de ingang van de wasstraat en bij de wasboxen.\u201d&nbsp;&nbsp;<\/p>\n\n\n\n<p>Hagelnieuw&nbsp;<\/p>\n\n\n\n<p>Die wasboxen zijn overigens hagelnieuw. \u201cDe oude waren versleten, dus we hebben alles vernieuwd. En gek genoeg, dat loopt als een trein. Kijk, het zijn toch vooral de mannen die de auto wassen terwijl de vrouw de boodschappen doet. Of het zijn de mannen die er hier speciaal voor komen; even de auto wassen en weer terug naar huis.\u201d En om de klandizie verder aan te wakkeren denkt Derks al na over leuke promotieacties. \u201cWaar nog kansen liggen? Dat is bij de groep huisvoruwen die hier boodschappen doet. Daarom denken we aan een kraskaart bij een bepaald bedrag aan boodschappen waarmee iedereen korting krijgt op het wassen.\u201d&nbsp;<\/p>\n\n\n\n<p>Streamer&nbsp;<\/p>\n\n\n\n<p>\u2018Acht jaar geleden zei de wethouder al tegen ons; let op waar het naar toe ontwikkelt. Elektriciteit en waterstof worden steeds belangrijker. Daarin moet je investeren.\u2019&nbsp;<\/p>\n\n\n\n<h2 class=\"has-large-font-size wp-block-heading\"><strong>Derks Carwash combineert auto`s wassen met een bakkerij en supermarkt<\/strong><\/h2>\n\n\n\n<p><strong>Je doet vaker boodschappen dan dat je tankt volgooit, redeneert Arnold Derks. De ondernemer runt Carwash Derks en een grote Plus Supermarkt met eigen bakkerij in Overasselt. De carwash heeft een rollover en een drietal wasboxen.<\/strong><\/p>\n\n\n\n<figure class=\"wp-block-image size-full\"><img loading=\"lazy\" decoding=\"async\" width=\"351\" height=\"143\" src=\"http:\/\/www.derksoverasselt.nl\/wp-content\/uploads\/2021\/12\/download-1.jpg\" alt=\"\" class=\"wp-image-665\" srcset=\"https:\/\/www.derksoverasselt.nl\/wp-content\/uploads\/2021\/12\/download-1.jpg 351w, https:\/\/www.derksoverasselt.nl\/wp-content\/uploads\/2021\/12\/download-1-300x122.jpg 300w\" sizes=\"auto, (max-width: 351px) 100vw, 351px\" \/><\/figure>\n\n\n\n<figure class=\"wp-block-gallery has-nested-images columns-default is-cropped wp-block-gallery-1 is-layout-flex wp-block-gallery-is-layout-flex\">\n<figure class=\"wp-block-image size-large\"><img loading=\"lazy\" decoding=\"async\" width=\"1024\" height=\"682\" data-id=\"671\" src=\"http:\/\/www.derksoverasselt.nl\/wp-content\/uploads\/2021\/12\/0W8A4732-1-1-1024x682.jpg\" alt=\"\" class=\"wp-image-671\" srcset=\"https:\/\/www.derksoverasselt.nl\/wp-content\/uploads\/2021\/12\/0W8A4732-1-1-1024x682.jpg 1024w, https:\/\/www.derksoverasselt.nl\/wp-content\/uploads\/2021\/12\/0W8A4732-1-1-300x200.jpg 300w, https:\/\/www.derksoverasselt.nl\/wp-content\/uploads\/2021\/12\/0W8A4732-1-1-768x512.jpg 768w, https:\/\/www.derksoverasselt.nl\/wp-content\/uploads\/2021\/12\/0W8A4732-1-1-1536x1024.jpg 1536w, https:\/\/www.derksoverasselt.nl\/wp-content\/uploads\/2021\/12\/0W8A4732-1-1-2048x1365.jpg 2048w\" sizes=\"auto, (max-width: 1024px) 100vw, 1024px\" \/><\/figure>\n\n\n\n<figure class=\"wp-block-image size-large\"><img loading=\"lazy\" decoding=\"async\" width=\"1024\" height=\"768\" data-id=\"673\" src=\"http:\/\/www.derksoverasselt.nl\/wp-content\/uploads\/2021\/12\/20210822_133621-1024x768.jpg\" alt=\"\" class=\"wp-image-673\" srcset=\"https:\/\/www.derksoverasselt.nl\/wp-content\/uploads\/2021\/12\/20210822_133621-1024x768.jpg 1024w, https:\/\/www.derksoverasselt.nl\/wp-content\/uploads\/2021\/12\/20210822_133621-300x225.jpg 300w, https:\/\/www.derksoverasselt.nl\/wp-content\/uploads\/2021\/12\/20210822_133621-768x576.jpg 768w, https:\/\/www.derksoverasselt.nl\/wp-content\/uploads\/2021\/12\/20210822_133621-1536x1152.jpg 1536w, https:\/\/www.derksoverasselt.nl\/wp-content\/uploads\/2021\/12\/20210822_133621-2048x1536.jpg 2048w\" sizes=\"auto, (max-width: 1024px) 100vw, 1024px\" \/><\/figure>\n\n\n\n<figure class=\"wp-block-image size-large\"><img loading=\"lazy\" decoding=\"async\" width=\"1024\" height=\"768\" data-id=\"674\" src=\"http:\/\/www.derksoverasselt.nl\/wp-content\/uploads\/2021\/12\/20210822_132016-1024x768.jpg\" alt=\"\" class=\"wp-image-674\" srcset=\"https:\/\/www.derksoverasselt.nl\/wp-content\/uploads\/2021\/12\/20210822_132016-1024x768.jpg 1024w, https:\/\/www.derksoverasselt.nl\/wp-content\/uploads\/2021\/12\/20210822_132016-300x225.jpg 300w, https:\/\/www.derksoverasselt.nl\/wp-content\/uploads\/2021\/12\/20210822_132016-768x576.jpg 768w, https:\/\/www.derksoverasselt.nl\/wp-content\/uploads\/2021\/12\/20210822_132016-1536x1152.jpg 1536w, https:\/\/www.derksoverasselt.nl\/wp-content\/uploads\/2021\/12\/20210822_132016-2048x1536.jpg 2048w\" sizes=\"auto, (max-width: 1024px) 100vw, 1024px\" \/><\/figure>\n\n\n\n<figure class=\"wp-block-image size-large\"><img loading=\"lazy\" decoding=\"async\" width=\"1024\" height=\"768\" data-id=\"675\" src=\"http:\/\/www.derksoverasselt.nl\/wp-content\/uploads\/2021\/12\/20210822_133229-1024x768.jpg\" alt=\"\" class=\"wp-image-675\" srcset=\"https:\/\/www.derksoverasselt.nl\/wp-content\/uploads\/2021\/12\/20210822_133229-1024x768.jpg 1024w, https:\/\/www.derksoverasselt.nl\/wp-content\/uploads\/2021\/12\/20210822_133229-300x225.jpg 300w, https:\/\/www.derksoverasselt.nl\/wp-content\/uploads\/2021\/12\/20210822_133229-768x576.jpg 768w, https:\/\/www.derksoverasselt.nl\/wp-content\/uploads\/2021\/12\/20210822_133229-1536x1152.jpg 1536w, https:\/\/www.derksoverasselt.nl\/wp-content\/uploads\/2021\/12\/20210822_133229-2048x1536.jpg 2048w\" sizes=\"auto, (max-width: 1024px) 100vw, 1024px\" \/><\/figure>\n<\/figure>\n\n\n\n<p>Een supermarkt voor de dagelijkse boodschappen combineert heel goed met een carwash. Zelfs beter dan een tankstation dat doet. Arnold Derks van Derks Carwash in Overasselt is er stellig over. Recent is de onderneming die hij samen met broer Arnold runt, verhuisd van de ene kant van het dorp naar de andere kant.<\/p>\n\n\n\n<h2 class=\"wp-block-heading\"><strong>Verhuizing<\/strong><\/h2>\n\n\n\n<p>Wie Overasselt binnen komt rijden over de N846 de ziet aan de rechterkant van de doorgaande weg een kleine groene Pluswinkel, met daarachter een tankstation. Het geheel doet verlaten aan. Een groot en in het oog springend bord wijst de weg; de supermarkt hier is gesloten, je moet verderop in het dorp zijn. Even verderop ligt een volledig nieuwe supermarkt. Dankzij het gebruik van houten balken en puntdaken heeft het geheel een Oostenrijkse uitstraling. De winkel heeft een gezellig terras waar verse broodjes worden geserveerd. Op verschillende plekken staan houten plantenbakken opgesteld. De parkeerplaats met 80 plaatsen, inclusief laadpaalplaatsen, is opgeruimd en schoon. Het is een frisse plek om te verblijven. Schuin achter de winkel zie je Carwash Derks: een carwash met onbemande rollover en drie wasboxen.<\/p>\n\n\n\n<h2 class=\"wp-block-heading\"><strong>Dagelijkse boodschappen<\/strong><\/h2>\n\n\n\n<p>Waar Derks op de oude plek tankstation, carwash en supermarkt combineerde, is op de nieuwe locatie alleen winkel en carwash te vinden. De ondernemer ziet meer in de combinatie van carwash met supermarkt. Door de schaalvergroting van de supermarkt is Derks overgestapt van een lokale naar een regionale functie, wat de verhuizing en uitbreiding van de carwash rechtvaardigt, ook al is er geen tankstation meer bij. \u201cKlanten doen vaker boodschappen dan dat ze komen tanken,\u201d klinkt de logische uitleg van Derks.<\/p>\n\n\n\n<h2 class=\"wp-block-heading\"><strong>Keuzes<\/strong><\/h2>\n\n\n\n<p>Het tankstation is nu gesloten. De ondernemer legt uit dat tankstationondernemers momenteel voor verschillende keuzes staan. Ga je mee in de energietransitie (en zo ja, op welke manier) of sluit je de deuren? Ga je voor laden, waterstof, andere alternatieven? Derks licht zijn overweging om te sluiten toe: \u201chet vraagt om grote investeringen en in de regio is voldoende concurrentie. Ik besloot de focus te legen op supermarkt, bakkerij en carwash. Naast de energietransitie tanken mensen ook nog eens steeds minder vaak, elektrische auto\u2019s worden voor de deur geladen. En een tweede auto is er steeds minder vaak bij. Maar boodschappen heb je altijd nodig.\u201d<\/p>\n\n\n\n<h2 class=\"wp-block-heading\"><strong>Wascijfers<\/strong><\/h2>\n\n\n\n<p>Dat die combinatie goed werkt, blijkt uit de wascijfers van de carwash. Bij die kleine supermarkt werden 150 tot 200 wasbeurten in een week gedraaid op de machine van&nbsp;<a href=\"https:\/\/go.promedia.nl\/washteccw\" target=\"_blank\" rel=\"noreferrer noopener\"><u>WashTec<\/u><\/a>. Derks ziet een verdubbeling daarvan gebeuren. \u201cDe wasboxen zijn ook een hit\u201d, vertelt hij. \u201cDeze zijn nieuw, modern en van alles voorzien. We zien nu al dat we goed gevonden worden, zelfs zonder dat de promotie van start is gegaan.\u201d<\/p>\n\n\n\n<p>\u201cDe carwash is eigenlijk liefhebberij,\u201d zegt Derks, die zelf in een witte, elektrische Peugeot 5008 rijdt. Hij pakt regelmatig het beste programma mee. \u201cDe locatie is onbemand. Nieuwbouw vraagt een behoorlijke investering. De core business is het technische aspect, niet het personeel.\u201d<\/p>\n\n\n\n<h2 class=\"wp-block-heading\"><strong>Aanpassingen<\/strong><\/h2>\n\n\n\n<p>Bij Derks wordt net als op de oude locatie gewassen met een WashTec. De machine kon nog wel even mee. Wel zijn de nodige aanpassingen gedaan, vertelt Derks. De rollover heeft nu een spatscherm, de borstels zijn vervangen en de machine is aangesloten op een nieuw bestaalsysteem. Klanten rekenen ofwel af in de lunchroom, ofwel bij de POS naast de machine. Een waspas is ook aan de balie aan te schaffen. Het gebouw waarin de rollover staat is afgesloten met roldeuren, voor het geluid in de omgeving. De chemie is ook van WashTec. \u201cWel zo makkelijk met de afstellingen\u201d, zegt Derks. \u201cHet werkt gewoon goed met elkaar.\u201d<\/p>\n\n\n\n<p>De nieuwbouw van zowel supermarkt als carwash is snel gegaan. Toen alle knopen eenmaal waren doorgehakt stond de locatie binnen vier maanden. \u201cStroom en water op tijd aangesloten krijgen was meer strijd dan het verhuizen en opknappen van de machine\u201d, lacht Derks.<\/p>\n\n\n\n<p><\/p>\n\n\n\n<p><\/p>\n\n\n\n<p><\/p>\n\n\n\n<p><\/p>\n\n\n\n<figure class=\"wp-block-gallery has-nested-images columns-default is-cropped wp-block-gallery-2 is-layout-flex wp-block-gallery-is-layout-flex\">\n<figure class=\"wp-block-image size-large\"><img loading=\"lazy\" decoding=\"async\" width=\"1024\" height=\"768\" data-id=\"634\" src=\"http:\/\/www.derksoverasselt.nl\/wp-content\/uploads\/2021\/09\/242262344_4465213320236473_6640294041819187203_n-1024x768.jpg\" alt=\"\" class=\"wp-image-634\" srcset=\"https:\/\/www.derksoverasselt.nl\/wp-content\/uploads\/2021\/09\/242262344_4465213320236473_6640294041819187203_n-1024x768.jpg 1024w, https:\/\/www.derksoverasselt.nl\/wp-content\/uploads\/2021\/09\/242262344_4465213320236473_6640294041819187203_n-300x225.jpg 300w, https:\/\/www.derksoverasselt.nl\/wp-content\/uploads\/2021\/09\/242262344_4465213320236473_6640294041819187203_n-768x576.jpg 768w, https:\/\/www.derksoverasselt.nl\/wp-content\/uploads\/2021\/09\/242262344_4465213320236473_6640294041819187203_n-1536x1152.jpg 1536w, https:\/\/www.derksoverasselt.nl\/wp-content\/uploads\/2021\/09\/242262344_4465213320236473_6640294041819187203_n.jpg 2000w\" sizes=\"auto, (max-width: 1024px) 100vw, 1024px\" \/><\/figure>\n\n\n\n<figure class=\"wp-block-image size-large\"><img loading=\"lazy\" decoding=\"async\" width=\"800\" height=\"599\" data-id=\"636\" src=\"http:\/\/www.derksoverasselt.nl\/wp-content\/uploads\/2021\/09\/1632491406840-1.jpg\" alt=\"\" class=\"wp-image-636\" srcset=\"https:\/\/www.derksoverasselt.nl\/wp-content\/uploads\/2021\/09\/1632491406840-1.jpg 800w, https:\/\/www.derksoverasselt.nl\/wp-content\/uploads\/2021\/09\/1632491406840-1-300x225.jpg 300w, https:\/\/www.derksoverasselt.nl\/wp-content\/uploads\/2021\/09\/1632491406840-1-768x575.jpg 768w\" sizes=\"auto, (max-width: 800px) 100vw, 800px\" \/><\/figure>\n\n\n\n<figure class=\"wp-block-image size-large\"><img loading=\"lazy\" decoding=\"async\" width=\"1024\" height=\"768\" data-id=\"598\" src=\"http:\/\/www.derksoverasselt.nl\/wp-content\/uploads\/2021\/09\/20210718_173739-1-1024x768.jpg\" alt=\"\" class=\"wp-image-598\" srcset=\"https:\/\/www.derksoverasselt.nl\/wp-content\/uploads\/2021\/09\/20210718_173739-1-1024x768.jpg 1024w, https:\/\/www.derksoverasselt.nl\/wp-content\/uploads\/2021\/09\/20210718_173739-1-300x225.jpg 300w, https:\/\/www.derksoverasselt.nl\/wp-content\/uploads\/2021\/09\/20210718_173739-1-768x576.jpg 768w, https:\/\/www.derksoverasselt.nl\/wp-content\/uploads\/2021\/09\/20210718_173739-1-1536x1152.jpg 1536w, https:\/\/www.derksoverasselt.nl\/wp-content\/uploads\/2021\/09\/20210718_173739-1-2048x1536.jpg 2048w\" sizes=\"auto, (max-width: 1024px) 100vw, 1024px\" \/><\/figure>\n<\/figure>\n\n\n\n<h1 class=\"wp-block-heading\"> Wat een bijzondere PLUS winkel in Overasselt. <\/h1>\n\n\n\n<h1 class=\"wp-block-heading\">Deze locatie \u2018ademt\u2019 ondernemerschap met een bakkerij en een wasstraat.<\/h1>\n\n\n\n<figure class=\"wp-block-image size-full is-resized\"><img loading=\"lazy\" decoding=\"async\" src=\"http:\/\/www.derksoverasselt.nl\/wp-content\/uploads\/2021\/09\/download-1.jpg\" alt=\"\" class=\"wp-image-593\" width=\"91\" height=\"91\" srcset=\"https:\/\/www.derksoverasselt.nl\/wp-content\/uploads\/2021\/09\/download-1.jpg 225w, https:\/\/www.derksoverasselt.nl\/wp-content\/uploads\/2021\/09\/download-1-150x150.jpg 150w, https:\/\/www.derksoverasselt.nl\/wp-content\/uploads\/2021\/09\/download-1-70x70.jpg 70w, https:\/\/www.derksoverasselt.nl\/wp-content\/uploads\/2021\/09\/download-1-125x125.jpg 125w\" sizes=\"auto, (max-width: 91px) 100vw, 91px\" \/><\/figure>\n\n\n\n<p>Vijf supermarkten zijn door de jury genomineerd voor de uitverkiezing &#8220;Mooiste nieuwe supermarkt van Nederland 2021&#8221;. Dit zijn in willekeurige volgorde:<a href=\"https:\/\/www.linkedin.com\/company\/plus-retail\/\"><u><strong>PLUS Retail<\/strong><\/u><\/a>(Overasselt),&nbsp;<a href=\"https:\/\/www.linkedin.com\/company\/lidl-nederland\/\"><u><strong>Lidl Nederland<\/strong><\/u><\/a>(Almere, Oosterwold),&nbsp;<a href=\"https:\/\/www.linkedin.com\/company\/jan-linders\/\"><u><strong>Jan Linders<\/strong><\/u><\/a>(Wageningen),&nbsp;<a href=\"https:\/\/www.linkedin.com\/company\/jumbo-supermarkten\/\"><u><strong>Jumbo Supermarkten<\/strong><\/u><\/a>(Goor) en&nbsp;<a href=\"https:\/\/www.linkedin.com\/company\/plus-retail\/\"><u><strong>PLUS Retail<\/strong><\/u><\/a>(Udenhout). Tijdens het Supermarktvastgoedcongres (<a href=\"https:\/\/lnkd.in\/dSQBM9Wc\"><u><strong>https:\/\/lnkd.in\/dSQBM9Wc<\/strong><\/u><\/a>) op 4 november a.s. wordt de winnaar bekend gemaakt!<\/p>\n\n\n\n<figure class=\"wp-block-gallery has-nested-images columns-default is-cropped wp-block-gallery-3 is-layout-flex wp-block-gallery-is-layout-flex\">\n<figure class=\"wp-block-image size-full\"><img loading=\"lazy\" decoding=\"async\" width=\"800\" height=\"600\" data-id=\"589\" src=\"http:\/\/www.derksoverasselt.nl\/wp-content\/uploads\/2021\/09\/image-3.png\" alt=\"\" class=\"wp-image-589\" srcset=\"https:\/\/www.derksoverasselt.nl\/wp-content\/uploads\/2021\/09\/image-3.png 800w, https:\/\/www.derksoverasselt.nl\/wp-content\/uploads\/2021\/09\/image-3-300x225.png 300w, https:\/\/www.derksoverasselt.nl\/wp-content\/uploads\/2021\/09\/image-3-768x576.png 768w\" sizes=\"auto, (max-width: 800px) 100vw, 800px\" \/><\/figure>\n\n\n\n<figure class=\"wp-block-image size-full\"><img loading=\"lazy\" decoding=\"async\" width=\"800\" height=\"599\" data-id=\"626\" src=\"http:\/\/www.derksoverasselt.nl\/wp-content\/uploads\/2021\/09\/1632491406840.jpg\" alt=\"\" class=\"wp-image-626\" srcset=\"https:\/\/www.derksoverasselt.nl\/wp-content\/uploads\/2021\/09\/1632491406840.jpg 800w, https:\/\/www.derksoverasselt.nl\/wp-content\/uploads\/2021\/09\/1632491406840-300x225.jpg 300w, https:\/\/www.derksoverasselt.nl\/wp-content\/uploads\/2021\/09\/1632491406840-768x575.jpg 768w\" sizes=\"auto, (max-width: 800px) 100vw, 800px\" \/><\/figure>\n\n\n\n<figure class=\"wp-block-image size-full\"><img loading=\"lazy\" decoding=\"async\" width=\"800\" height=\"599\" data-id=\"623\" src=\"http:\/\/www.derksoverasselt.nl\/wp-content\/uploads\/2021\/09\/1632491399847.jpg\" alt=\"\" class=\"wp-image-623\" srcset=\"https:\/\/www.derksoverasselt.nl\/wp-content\/uploads\/2021\/09\/1632491399847.jpg 800w, https:\/\/www.derksoverasselt.nl\/wp-content\/uploads\/2021\/09\/1632491399847-300x225.jpg 300w, https:\/\/www.derksoverasselt.nl\/wp-content\/uploads\/2021\/09\/1632491399847-768x575.jpg 768w\" sizes=\"auto, (max-width: 800px) 100vw, 800px\" \/><\/figure>\n\n\n\n<figure class=\"wp-block-image size-full\"><img loading=\"lazy\" decoding=\"async\" width=\"800\" height=\"599\" data-id=\"625\" src=\"http:\/\/www.derksoverasselt.nl\/wp-content\/uploads\/2021\/09\/1632491406534.jpg\" alt=\"\" class=\"wp-image-625\" srcset=\"https:\/\/www.derksoverasselt.nl\/wp-content\/uploads\/2021\/09\/1632491406534.jpg 800w, https:\/\/www.derksoverasselt.nl\/wp-content\/uploads\/2021\/09\/1632491406534-300x225.jpg 300w, https:\/\/www.derksoverasselt.nl\/wp-content\/uploads\/2021\/09\/1632491406534-768x575.jpg 768w\" sizes=\"auto, (max-width: 800px) 100vw, 800px\" \/><\/figure>\n\n\n\n<figure class=\"wp-block-image size-full\"><img loading=\"lazy\" decoding=\"async\" width=\"800\" height=\"599\" data-id=\"624\" src=\"http:\/\/www.derksoverasselt.nl\/wp-content\/uploads\/2021\/09\/1632491406195.jpg\" alt=\"\" class=\"wp-image-624\" srcset=\"https:\/\/www.derksoverasselt.nl\/wp-content\/uploads\/2021\/09\/1632491406195.jpg 800w, https:\/\/www.derksoverasselt.nl\/wp-content\/uploads\/2021\/09\/1632491406195-300x225.jpg 300w, https:\/\/www.derksoverasselt.nl\/wp-content\/uploads\/2021\/09\/1632491406195-768x575.jpg 768w\" sizes=\"auto, (max-width: 800px) 100vw, 800px\" \/><\/figure>\n\n\n\n<figure class=\"wp-block-image size-full\"><img loading=\"lazy\" decoding=\"async\" width=\"225\" height=\"225\" data-id=\"627\" src=\"http:\/\/www.derksoverasselt.nl\/wp-content\/uploads\/2021\/09\/download-2.jpg\" alt=\"\" class=\"wp-image-627\" srcset=\"https:\/\/www.derksoverasselt.nl\/wp-content\/uploads\/2021\/09\/download-2.jpg 225w, https:\/\/www.derksoverasselt.nl\/wp-content\/uploads\/2021\/09\/download-2-150x150.jpg 150w, https:\/\/www.derksoverasselt.nl\/wp-content\/uploads\/2021\/09\/download-2-70x70.jpg 70w, https:\/\/www.derksoverasselt.nl\/wp-content\/uploads\/2021\/09\/download-2-125x125.jpg 125w\" sizes=\"auto, (max-width: 225px) 100vw, 225px\" \/><\/figure>\n<\/figure>\n\n\n\n<p><\/p>\n\n\n\n<p>Wat een bijzondere winkel van&nbsp;<a href=\"https:\/\/www.linkedin.com\/company\/plus-retail\/\">PLUS Retail<\/a>&nbsp;in Overasselt. Deze locatie \u2018ademt\u2019 ondernemerschap met een bakkerij, een wasstraat en er komt nog een slager. Wil je weten wie de winnaar wordt van de uitverkiezing \u2018Mooiste supermarkt van Nederland\u2019? Kom dan naar het Supermarktvastgoedcongres op 4 november:&nbsp;<a href=\"https:\/\/lnkd.in\/dSQBM9Wc\">https:\/\/lnkd.in\/dSQBM9Wc<\/a><\/p>\n\n\n\n<p><\/p>\n\n\n\n<figure class=\"wp-block-image size-full\"><img loading=\"lazy\" decoding=\"async\" width=\"225\" height=\"225\" src=\"http:\/\/www.derksoverasselt.nl\/wp-content\/uploads\/2021\/09\/images.jpg\" alt=\"\" class=\"wp-image-586\" srcset=\"https:\/\/www.derksoverasselt.nl\/wp-content\/uploads\/2021\/09\/images.jpg 225w, https:\/\/www.derksoverasselt.nl\/wp-content\/uploads\/2021\/09\/images-150x150.jpg 150w, https:\/\/www.derksoverasselt.nl\/wp-content\/uploads\/2021\/09\/images-70x70.jpg 70w, https:\/\/www.derksoverasselt.nl\/wp-content\/uploads\/2021\/09\/images-125x125.jpg 125w\" sizes=\"auto, (max-width: 225px) 100vw, 225px\" \/><\/figure>\n\n\n\n<h1 class=\"wp-block-heading\"><strong>Nog elke dag alsof we in een film leven&#8230;\u2019<\/strong><\/h1>\n\n\n\n<p><\/p>\n\n\n\n<p><strong>OVERASSELT \u2013 Een supermarkt van duizend vierkante meter? Met nog eens een veel grotere \u00e9chte bakkerij aansluitend op de supermarkt \u00e9n een lunchroom? Met bovendien een Carwash, allemaal op \u00e9\u00e9n plek in Overasselt? Dat verzin je toch niet! Maar de bakkersbroers Theo en Arnold Derks verzonnen het wel!<\/strong><\/p>\n\n\n\n<p><\/p>\n\n\n\n<p><\/p>\n\n\n\n<figure class=\"wp-block-image size-full\"><img loading=\"lazy\" decoding=\"async\" width=\"840\" height=\"494\" src=\"http:\/\/www.derksoverasselt.nl\/wp-content\/uploads\/2021\/09\/ea6c5f04-3974-4f46-adb0-a5593304bebf_thumb840.jpg\" alt=\"\" class=\"wp-image-585\" srcset=\"https:\/\/www.derksoverasselt.nl\/wp-content\/uploads\/2021\/09\/ea6c5f04-3974-4f46-adb0-a5593304bebf_thumb840.jpg 840w, https:\/\/www.derksoverasselt.nl\/wp-content\/uploads\/2021\/09\/ea6c5f04-3974-4f46-adb0-a5593304bebf_thumb840-300x176.jpg 300w, https:\/\/www.derksoverasselt.nl\/wp-content\/uploads\/2021\/09\/ea6c5f04-3974-4f46-adb0-a5593304bebf_thumb840-768x452.jpg 768w\" sizes=\"auto, (max-width: 840px) 100vw, 840px\" \/><\/figure>\n\n\n\n<p><em>Plus Supermarkt zoals Theo en Arnold Derks het wilden<\/em><\/p>\n\n\n\n<p>Eigenzinnig als ze zijn, gingen ze hun eigen weg. Vaak tegen de adviezen in. Na ruim zeven jaar plannen maken, werd het toch werkelijkheid. M\u00e9t de complimenten van niet alleen de leveranciers en de Plus-organisatie, ook van de klanten. \u2018Wat fijn, dat jullie in ons Overasselt zo\u2019n supermarkt hebben gebouwd. We zijn er trots op\u2019 is de opmerking, die Theo en Arnold steeds opnieuw te horen krijgen. \u201cAch\u201d, zeggen beiden, \u201cwe zijn geboren en getogen in Overasselt. We zouden dit nergens anders w\u00ecllen doen!\u201d<\/p>\n\n\n\n<p>Eigenzinnig. Dat begint al bij het pand zelf, dat een Oostenrijks uiterlijk heeft. Wat anderen er ook van dachten, de broers hielden vast aan hun plan. \u201cWe kwamen veel in Oostenrijk en dit project geeft toch een vakantiegevoel aan, dat bij velen aanspreekt\u201d, aldus de broers. Het werd tevens in ogen van velen een te grote supermarkt voor Overasselt met 3300 inwoners. \u201cMaar, dat blijkt nu wel: het is zeven dagen per week druk! En parkeren? Geen probleem zo\u2019n tachtig vrije parkeerplaatsen!\u201d<\/p>\n\n\n\n<p>Eigenzinnig, ook wat de inrichting betreft. Er werd dringend geadviseerd de lunchroom achter in de zaak te situeren. \u201cWij hebben gekozen voor direct bij de ingang. D\u00e1\u00e1r ontmoeten de mensen elkaar, daar kun je gemakkelijk ook zonder een boodschap te doen, even een kopje koffie nemen. Daar kan je als echtgenoot ook even wachten als deze niet mee de winkel in wil. Of in die tijd de auto wassen, want de wasboxen staan even verderop&#8230;\u201d<\/p>\n\n\n\n<p>Enthousiast en vol passie zijn Theo en Arnold over hun totale project. De supermarkt is helemaal toegerust volgens de nieuwste ontwikkelingen. Voor de klant is het een feestje, al snel een middagje uit. Want wat is er heerlijker dan op het terras buiten te genieten van een drankje na het bezoek aan de supermarkt, waar je als extra \u2018attractie\u2019 ook nog eens bakkers als ware artiesten kunt zien werken in de bakkerij. \u201cHet is elke dag weer, net alsof we in een film leven&#8230;\u201d<\/p>\n\n\n\n<figure class=\"wp-block-image size-full is-resized\"><img loading=\"lazy\" decoding=\"async\" src=\"http:\/\/www.derksoverasselt.nl\/wp-content\/uploads\/2021\/09\/gelderlander-logo.jpg\" alt=\"\" class=\"wp-image-478\" width=\"200\" height=\"100\" srcset=\"https:\/\/www.derksoverasselt.nl\/wp-content\/uploads\/2021\/09\/gelderlander-logo.jpg 400w, https:\/\/www.derksoverasselt.nl\/wp-content\/uploads\/2021\/09\/gelderlander-logo-300x150.jpg 300w\" sizes=\"auto, (max-width: 200px) 100vw, 200px\" \/><\/figure>\n\n\n\n<p><a href=\"https:\/\/photos.google.com\/photo\/AF1QipP36Uv6NGVd8wJKxJx4VaP9xu8hJMK7PIkMXEVT\"><\/a><\/p>\n\n\n\n<h1 class=\"wp-block-heading\">Overasseltse supermarkt Plus Derks geopend en mikt op hele regio<\/h1>\n\n\n\n<figure class=\"wp-block-image\"><a href=\"https:\/\/www.gelderlander.nl\/heumen\/overasseltse-supermarkt-plus-derks-geopend-en-mikt-op-hele-regio~aa8ffbb6\/205393170\/\"><img decoding=\"async\" src=\"https:\/\/images0.persgroep.net\/rcs\/zYhg8mIeoXF2_3GgPwNT1hPdMbI\/diocontent\/205393170\/_fitwidth\/694\/?appId=21791a8992982cd8da851550a453bd7f&amp;quality=0.8\" alt=\"\"\/><\/a><\/figure>\n\n\n\n<p>PREMIUM<\/p>\n\n\n\n<p>Oma Derks opent samen met de kleinzoon Valentijn de nieuwe supermarkt in Overasselt.&nbsp;\u00a9 Theo Peeters<\/p>\n\n\n\n<p><strong>OVERASSELT &#8211; Oma Marie Derks (82) en kleinzoon Valentijn (10) kregen woensdagochtend de eer de fonkelnieuwe Plus-supermarkt van Theo en Arnold Derks in Overasselt te openen. Een joekel van een supermarkt, bedoeld voor meer mensen dan die uit Overasselt alleen.&nbsp;&nbsp;<\/strong><\/p>\n\n\n\n<p><strong>Thed Maas&nbsp;<\/strong>21-07-21, 16:38<\/p>\n\n\n\n<ul class=\"wp-block-list\">\n<li><br><br><\/li>\n<\/ul>\n\n\n\n<p>Overasselt heeft dik 3300 inwoners. Dus een supermarkt van 1000 vierkante meter is wel wat groot voor zo\u2019n dorp.&nbsp;Maar dat is bewust gedaan, zegt Theo Derks. ,,We willen een regionale functie gaan vervullen. Je ziet overal dat parkeerplaatsen onder druk komen te staan: er moeten woningen gebouwd worden. Maar hier hebben we 77 parkeerplaatsen bij de winkel. We verwachten dat ook mensen van buiten Overasselt deze super zullen weten te vinden. Mensen uit uit Wijchen-Zuid, Alverna en ook Malden.\u201d<\/p>\n\n\n\n<p>Zoals Henriette Autsema. Ze woont \u2018op Alverna\u2019, zoals ze dat daar zeggen en gaat voor de wekelijkse boodschappen naar het winkelcentrum Dukenburg. ,,Maar dit is net zo ver en ik hou wel van de gemoedelijke, dorpse sfeer.\u201d<a href=\"https:\/\/www.gelderlander.nl\/heumen\/overasseltse-supermarkt-plus-derks-geopend-en-mikt-op-hele-regio~aa8ffbb6\/205393162\/\"><\/a><\/p>\n\n\n\n<p>De nieuwe super van binnen.&nbsp;\u00a9 Theo Peeters<\/p>\n\n\n\n<figure class=\"wp-block-image size-full\"><img loading=\"lazy\" decoding=\"async\" width=\"694\" height=\"463\" src=\"http:\/\/www.derksoverasselt.nl\/wp-content\/uploads\/2021\/09\/image.png\" alt=\"\" class=\"wp-image-473\" srcset=\"https:\/\/www.derksoverasselt.nl\/wp-content\/uploads\/2021\/09\/image.png 694w, https:\/\/www.derksoverasselt.nl\/wp-content\/uploads\/2021\/09\/image-300x200.png 300w\" sizes=\"auto, (max-width: 694px) 100vw, 694px\" \/><\/figure>\n\n\n\n<p><\/p>\n\n\n\n<p><\/p>\n\n\n\n<h2 class=\"wp-block-heading\"><strong>Kleinste<\/strong><\/h2>\n\n\n\n<p>Niettemin is het een flinke stap. Ga maar na: op de vorige plek hadden Theo en Arnold Derks 250 vierkante meter winkelruimte. Daarmee was hun super de kleinste Plusmarkt van Nederland. En nu is hun zaak dus een van de grotere. Kan best, zeggen ze. Kijk maar naar de Plusmarkt van Nico de Witt in Beek: ook een relatief klein dorp met een grote supermarkt, maar waar ze wel tot uit Nijmegen boodschappen komen doen.<\/p>\n\n\n\n<p>Ik heb 42 jaar in de winkel gestaan Oma Marie Derks (82), Oud-winkelier<\/p>\n\n\n\n<p>Oma Derks &#8211; en de rest van de familie &#8211; is apetrots. Logisch. De familie verkoopt al sinds 1844 eten en levensmiddelen in Overasselt. Begonnen als boer\/bakker kwamen er in 1928 kruidenierswaren bij en in latere jaren stond er Spar, Vrijevogel, Meermarkt en Coop op de gevel totdat in 2020 aansluiting werd gezocht bij de Plus. ,,Ik heb 42 jaar in de winkel gestaan\u201d, vertelt ze. ,,Mijn man Jan (overleden in 2020, TM) deed de bakkerij achter; ik de winkel voor.\u201d<\/p>\n\n\n\n<p>Theo en Arnold Derks zijn inmiddels de vijfde generatie kruideniers in Overasselt. Het halve dorp was dan ook uitgelopen om de feestelijke opening bij te wonen. ,,Dit is geweldig, niet meer normaal\u201d, jubelt inwoonster Huberdine Oosterbaan met een blik op de twee enorme hallen van de supermarkt, met bakkerij, slijterij, slagerij en andere versafdelingen en een lunchroom.<\/p>\n\n\n\n<p><\/p>\n\n\n\n<figure class=\"wp-block-image size-full\"><img loading=\"lazy\" decoding=\"async\" width=\"694\" height=\"463\" src=\"http:\/\/www.derksoverasselt.nl\/wp-content\/uploads\/2021\/09\/image-1.png\" alt=\"\" class=\"wp-image-474\" srcset=\"https:\/\/www.derksoverasselt.nl\/wp-content\/uploads\/2021\/09\/image-1.png 694w, https:\/\/www.derksoverasselt.nl\/wp-content\/uploads\/2021\/09\/image-1-300x200.png 300w\" sizes=\"auto, (max-width: 694px) 100vw, 694px\" \/><\/figure>\n\n\n\n<p><\/p>\n\n\n\n<p><a href=\"https:\/\/www.gelderlander.nl\/heumen\/overasseltse-supermarkt-plus-derks-geopend-en-mikt-op-hele-regio~aa8ffbb6\/205393173\/\"><\/a><\/p>\n\n\n\n<p>En meteen druk met klanten.&nbsp;\u00a9 Theo Peeters<\/p>\n\n\n\n<h2 class=\"wp-block-heading\"><strong>Zeven jaar<\/strong><\/h2>\n\n\n\n<p>Theo en Arnold Derks zijn zeven jaar bezig geweest met plannenmakerij. ,,We stonden toen voor de vraag: verbouw op de vorige plek of nieuwbouw? Al snel kozen we voor nieuwbouw. Toen ik de eerste tekeningen zag, dachten we: wat hebben ze nou ontworpen? Maar het uiteindelijke resultaat heeft een landelijke uitstraling gekregen met een Duits-Oostenrijkse look\u201d, aldus de broers.<\/p>\n\n\n\n<p>,,Dit is een aanwinst voor Overasselt\u201d, zegt oma Derks. ,,Wees welkom, maar denk wel aan de 1,5 meter.\u201d&nbsp;<\/p>\n\n\n\n<p><\/p>\n\n\n\n<p><\/p>\n\n\n\n<p><\/p>\n\n\n\n<p><\/p>\n\n\n\n<figure class=\"wp-block-image size-full is-resized\"><img loading=\"lazy\" decoding=\"async\" src=\"http:\/\/www.derksoverasselt.nl\/wp-content\/uploads\/2021\/09\/gl8-nieuws_0-400x250-1.png\" alt=\"\" class=\"wp-image-481\" width=\"78\" height=\"49\" srcset=\"https:\/\/www.derksoverasselt.nl\/wp-content\/uploads\/2021\/09\/gl8-nieuws_0-400x250-1.png 400w, https:\/\/www.derksoverasselt.nl\/wp-content\/uploads\/2021\/09\/gl8-nieuws_0-400x250-1-300x188.png 300w\" sizes=\"auto, (max-width: 78px) 100vw, 78px\" \/><\/figure>\n\n\n\n<p><strong>Feestelijke opening van Plus Derks Overasselt<\/strong><\/p>\n\n\n\n<h1 class=\"wp-block-heading\"><img loading=\"lazy\" decoding=\"async\" width=\"400\" height=\"250\" src=\"https:\/\/gl8.nl\/wp-content\/uploads\/2021\/07\/Plus-Derks-Overasselt-400x250.png\" alt=\"Feestelijke opening van Plus Derks Overasselt\"><\/h1>\n\n\n\n<h1 class=\"wp-block-heading\"><strong>Feestelijke opening van Plus Derks Overasselt<\/strong><\/h1>\n\n\n\n<p>8 juli 2021 | Ronald Peters<\/p>\n\n\n\n<p>Nadat de afgelopen weken al te zien was hoe een indrukwekkend winkelpand verrees aan de Lagenhof 5 in Overasselt heeft supermarkt Derks laten weten dat de nieuwe winkel officieel diens deuren gaat openen.<\/p>\n\n\n\n<p>Op woensdag 21 juli wordt de winkel om 9.00 uur feestelijk geopend en mogen bezoekers een kijkje nemen in de nieuwe winkel, bakkerij en wasstraat.<\/p>\n\n\n\n<p>Het nieuwe pand zal in de toekomst ook ruimte gaan bieden aan de plaatselijke keurslager Hermanussen en heeft ruim 70 parkeerplaatsen.<\/p>\n\n\n\n<p><\/p>\n\n\n\n<p><\/p>\n\n\n\n<p><\/p>\n\n\n\n<p><\/p>\n\n\n\n<p><\/p>\n\n\n\n<p><\/p>\n\n\n\n<p><\/p>\n\n\n\n<p><\/p>\n\n\n\n<p><\/p>\n\n\n\n<p class=\"has-text-align-left has-vivid-cyan-blue-color has-pale-cyan-blue-background-color has-text-color has-background has-large-font-size\">Cleaningstation-carwash<\/p>\n\n\n\n<p><strong>June 30, 2021<\/strong><\/p>\n\n\n\n<p>Berrie Wolters<\/p>\n\n\n\n<p>Er wordt druk gebouwd aan de Lagerhof 5 in Overasselt. Binnen enkele weken moet de ruime Plus supermarkt, de brood- en banketbakkerij, de lunchroom en de carwash gaan draaien. Daarna wordt de oude locatie, zo\u2019n 300 meter verderop midden in het centrum, gesloopt voor een nieuwbouw project. Na 7 jaar onduidelijkheid kwam er in 2020 eindelijk overeenstemming met de gemeente.&nbsp;<strong>Theo Derks<\/strong>: \u201cIn die 7 jaar investeer je natuurlijk niet in het tankstation en de bestaande carwash. Je lapt e.e.a. op en zorgt dat alles blijft draaien. Het Argos tankstation verhuist overigens niet mee en zal verdwijnen. Wel laten we enkele laadpalen plaatsen op de nieuwe locatie.\u201d<\/p>\n\n\n\n<figure class=\"wp-block-image\"><img decoding=\"async\" src=\"https:\/\/cleaningstation-carwash.nl\/wp-content\/uploads\/2021\/06\/derks-foto-2.png\" alt=\"\"\/><\/figure>\n\n\n\n<p><em>Links Theo Derks en rechts zijn broer Arnold<\/em><\/p>\n\n\n\n<p>De familie Derks verricht al sinds 1847 handel in Overasselt. Ik sprak Theo Derks op de nieuwe locatie. Hij in bakkerskleding want hij heeft die nacht weer in de bakkerij gewerkt, samen met zijn 2 dochters overigens, de komende generatie. \u201cJa, die werken al in de familiezaak. Dat wordt de 5e&nbsp;Derks generatie. Mooi toch. Het mooie van de nieuwe locatie is dat het zeer nabij de allereerste boerderij met bakkerij van de familie Derks ligt. Dus we zijn weer terug op het oude grondperceel.\u201d<\/p>\n\n\n\n<p>.<\/p>\n\n\n\n<figure class=\"wp-block-image\"><img decoding=\"async\" src=\"https:\/\/cleaningstation-carwash.nl\/wp-content\/uploads\/2021\/06\/20210628_105511-1024x498.jpg\" alt=\"derks argos\"\/><\/figure>\n\n\n\n<p>.<\/p>\n\n\n\n<p><strong>Tankstation weg<\/strong><br>Het Argos tankstation verhuist dus niet mee naar de nieuwe locatie. Hierdoor bevindt er zich straks geen tankstation meer in Overasselt en moet men hiervoor naar Grave, Heumen\/Malden of Nijmegen (Dukenburg). \u201cDe gemeente wilde dit sowieso niet, maar ook wijzelf zien het opnieuw investeren in een tankstation niet meer zitten. Qua brandstofverkoop hebben we de piek allang bereikt en het zal de komende jaren alleen maar minder worden. Je investeert immers wel voor 15-20 jaar. Zoals eerder al gezegd plaatsen we wel enkele elektrische laadpalen. We hadden het tankstation sinds 1970, dus wel een afsluiting van een tijdperk.\u201d<\/p>\n\n\n\n<figure class=\"wp-block-image\"><img decoding=\"async\" src=\"https:\/\/cleaningstation-carwash.nl\/wp-content\/uploads\/2021\/06\/20210628_102815-1-1024x498.jpg\" alt=\"\"\/><\/figure>\n\n\n\n<p>.<\/p>\n\n\n\n<p><strong>Carwash<br><\/strong>In carwash echter ziet Theo Derks nog zeker toekomst. \u201cJa, dat heeft altijd goed gedraaid, ook op de oude locatie waar het visueel betreft op het randje van kunnen was. De oude roll-over is 10 jaar oud maar technisch nog in prima staat. Volgens WashTec is aanschaf van een nieuwe roll-over zonde geld en kon een revisiebeurt van de oude roll-over volstaan. Zo is het allernieuwste veiligheidsprogramma in de roll-over geprogrammeerd (spiegelbescherming, signaal indien auto te schuin staat en\/of de deur niet opent\/sluit). De roll-over staat inmiddels in de nieuwe washal. Er is wel een nieuwe looprail geplaatst en de oude onderkantwasser is nu mooi in de vloer gemonteerd. Ook nieuw is het bedieningsterminal bij de ingang van de washal. Hier kan de klant de programmakeuze ingeven en betalen middels bankpas, losse waskaart (te koop in de supermarkt) of onze eigen waspas. De oude luchtpomp wordt herplaatst en er komen nog 2 nieuwe stofzuigunits.\u201d In de eerste washal staat de roll-over en in de tweede washal komen de 3 wasboxen en de technische ruimte.\u201d<\/p>\n\n\n\n<p>Op 21 juli is de opening gepland, dus er is nog werk aan de winkel.<\/p>\n\n\n\n<figure class=\"wp-block-image\"><img decoding=\"async\" src=\"https:\/\/cleaningstation-carwash.nl\/wp-content\/uploads\/2021\/06\/20210628_103023-1024x498.jpg\" alt=\"washtec wasboxen\"\/><\/figure>\n\n\n\n<p><\/p>\n\n\n\n<p><\/p>\n\n\n\n<p><\/p>\n\n\n\n<p class=\"has-medium-font-size\"><strong>Wethouder Ren\u00e9 Waas en de familie Derks, eigenaren van supermarkt Derks uit Overasselt, plaatsten op zaterdag 20 februari, het bouwbord voor de nieuwbouw van supermarkt en bakkerij Derks in het Werklandschap Overasselt.<\/strong><\/p>\n\n\n\n<p><\/p>\n\n\n\n<figure class=\"wp-block-image\"><img decoding=\"async\" src=\"https:\/\/lh3.googleusercontent.com\/tipHGID4KvLvI6cGfsJg9rTsenmmPDX-6NX0rA-wtLA3UNTUyarcbAfoDMSwvwEiN8MH_g0mKglx896qty1H0QJZ3lGEhEvgfIOmhy6Kfa9hUZaNBFtKaD0fEHn7XhKvVwoT6yMkRybJbqD8ncgN4kY_Yt32sb-yH97a88YL3KvC9tmYNW40Jl11Mwl3uEtX6bg3OvqksuVNhlK3TBDF4TIJvVEOm9eXW596zVvPJ3AZQ3la-DozhPJolIBe6JjOf7joKpA9JxfPTPyyKCl35npGnRN0XKemCjbagmpvAyLClXd8NgJT1mc45-u2OnjBJBRy-mCSahSc293JSiZb6GfIBMIQWuB3R56GFWmp5Dzrgbyl51M-RyRtvWbvatvCn-batpBRlXn_U5pLapi_P8VN_Gc5kbxbsMtv3XC2ZqMeSY1lvnqkeUPn_OG4yx_XnFC2b-6sf0ycygtMyjxSDiN2Km2uhSij5loChN9nW2ex7d5eOri6ZPj0oXXODpLKMEzZj0SEAvGA6bE6N4lXxl6gwVKppntf9xt3OYjvOeDncM948Cyf_cIqvMFQsWVi_c4IPGml0jNblOFvOmLLlOlovci0xyP6ylrZaOUBJ_adj8YypU1GktcM02afojvlJalzmzag-dk5X_Exigc9fX8KhFIoQpFAbb-tppW20z0jv5z-v33zINsW4H4OsH6mhHuj0_b9W06ZWjADtS9NXbRCQg=w920-h690-no?authuser=0\" alt=\"\"\/><\/figure>\n\n\n<div dir=\"auto\">&nbsp;<\/div>\n<div dir=\"auto\">&nbsp;<\/div>\n<div class=\"kvgmc6g5 cxmmr5t8 oygrvhab hcukyx3x c1et5uql ii04i59q\">\n<div dir=\"auto\">&nbsp;<\/div>\n<\/div>\n<div dir=\"auto\">\n<div class=\"o9v6fnle cxmmr5t8 oygrvhab hcukyx3x c1et5uql ii04i59q\">\n<div dir=\"auto\">&nbsp;<\/div>\n<div dir=\"auto\">\n<p><span style=\"color: inherit; font-size: 1.95em; font-weight: 600;\">Update werkzaamheden<\/span><\/p>\n<\/div>\n<\/div>\n<\/div>\n<p><img loading=\"lazy\" decoding=\"async\" class=\"alignnone size-medium wp-image-378\" src=\"http:\/\/www.derksoverasselt.nl\/wp-content\/uploads\/2021\/03\/bouw-05032021-2-300x225.jpg\" alt=\"\" width=\"300\" height=\"225\" srcset=\"https:\/\/www.derksoverasselt.nl\/wp-content\/uploads\/2021\/03\/bouw-05032021-2-300x225.jpg 300w, https:\/\/www.derksoverasselt.nl\/wp-content\/uploads\/2021\/03\/bouw-05032021-2-1024x768.jpg 1024w, https:\/\/www.derksoverasselt.nl\/wp-content\/uploads\/2021\/03\/bouw-05032021-2-768x576.jpg 768w, https:\/\/www.derksoverasselt.nl\/wp-content\/uploads\/2021\/03\/bouw-05032021-2.jpg 1174w\" sizes=\"auto, (max-width: 300px) 100vw, 300px\" \/> <img loading=\"lazy\" decoding=\"async\" class=\"alignnone size-medium wp-image-381\" src=\"http:\/\/www.derksoverasselt.nl\/wp-content\/uploads\/2021\/03\/bouw-19032021-300x225.jpg\" alt=\"\" width=\"300\" height=\"225\" srcset=\"https:\/\/www.derksoverasselt.nl\/wp-content\/uploads\/2021\/03\/bouw-19032021-300x225.jpg 300w, https:\/\/www.derksoverasselt.nl\/wp-content\/uploads\/2021\/03\/bouw-19032021-1024x768.jpg 1024w, https:\/\/www.derksoverasselt.nl\/wp-content\/uploads\/2021\/03\/bouw-19032021-768x576.jpg 768w, https:\/\/www.derksoverasselt.nl\/wp-content\/uploads\/2021\/03\/bouw-19032021.jpg 1174w\" sizes=\"auto, (max-width: 300px) 100vw, 300px\" \/> <img loading=\"lazy\" decoding=\"async\" class=\"alignnone size-medium wp-image-382\" src=\"http:\/\/www.derksoverasselt.nl\/wp-content\/uploads\/2021\/03\/bouw-washal-19032021-300x225.jpg\" alt=\"\" width=\"300\" height=\"225\" srcset=\"https:\/\/www.derksoverasselt.nl\/wp-content\/uploads\/2021\/03\/bouw-washal-19032021-300x225.jpg 300w, https:\/\/www.derksoverasselt.nl\/wp-content\/uploads\/2021\/03\/bouw-washal-19032021-768x576.jpg 768w, https:\/\/www.derksoverasselt.nl\/wp-content\/uploads\/2021\/03\/bouw-washal-19032021.jpg 920w\" sizes=\"auto, (max-width: 300px) 100vw, 300px\" \/><\/p>\n<div dir=\"auto\">\n<div class=\"o9v6fnle cxmmr5t8 oygrvhab hcukyx3x c1et5uql ii04i59q\">\n<div dir=\"auto\">\n<p>Wethouder Ren\u00e9 Waas en de familie Derks, eigenaren van supermarkt Derks uit Overasselt, plaatsten op zaterdag 20 februari, het bouwbord voor de nieuwbouw van supermarkt en bakkerij Derks in het Werklandschap Overasselt. Opening van de nieuwe supermarkt is gepland op 21 juli 2021.<\/p>\n<\/div>\n<\/div>\n<\/div>\n<div dir=\"auto\">&nbsp;<\/div>\n<div dir=\"auto\">De Plus-supermarkt van Derks komt te staan aan de Lagenhof, een nog aan te leggen straat die toegankelijk is vanaf de doorgaande Schoonenburgseweg. De Lagenhof leidt ook naar de 12 nieuwbouwwoningen, die later dit jaar achter de supermarkt worden gebouwd. Aan de zijkant van de supermarkt wordt een parkeerterrein aangelegd voor klanten. Achter de supermarkt komt een carwash.<\/div>\n<div dir=\"auto\">\n<div class=\"o9v6fnle cxmmr5t8 oygrvhab hcukyx3x c1et5uql ii04i59q\">\n<div dir=\"auto\">&nbsp;<\/div>\n<div dir=\"auto\">Regiofunctie<\/div>\n<div dir=\"auto\">Arnold Derks over de regiofunctie van zijn supermarkt: \u201cOnlangs zijn we begonnen met de bouw van de supermarkt met 75 parkeerplaatsen. We zullen hiermee klanten uit de wijde omgeving gaan trekken. Ook slagerij Hermanussen verhuist met ons mee; een derde winkelruimte staat nog te huur.<\/div>\n<div dir=\"auto\">&nbsp;<\/div>\n<div dir=\"auto\">Onze bakkerij wordt dankzij glazen wanden en een open XL Bake off zeer zichtbaar vanuit de winkel.<\/div>\n<div dir=\"auto\">En er komt een bescheiden lunchroom met een terrasje buiten.\u201d<\/div>\n<\/div>\n<div class=\"o9v6fnle cxmmr5t8 oygrvhab hcukyx3x c1et5uql ii04i59q\">\n<div dir=\"auto\">&nbsp;<\/div>\n<div dir=\"auto\">Duurzaamheid<\/div>\n<div dir=\"auto\">Duurzaamheid is een belangrijk onderdeel in de ontwikkeling van het Werklandschap. Alle woningen en bedrijven die zich daar vestigen worden voorzien van warmtepompen en worden niet op het gasnet aangesloten.<\/div>\n<div dir=\"auto\">De openbare ruimte wordt klimaatadaptief gemaakt. Dat wil zeggen dat er rekening wordt gehouden met weersextremen als gevolg van klimaatverandering.<\/div>\n<div dir=\"auto\">In het plan worden ook bomen geplaatst die voor schaduw zorgen<\/div>\n<div dir=\"auto\">in de omgeving van de woningen en de supermarkt.<\/div>\n<\/div>\n<div class=\"o9v6fnle cxmmr5t8 oygrvhab hcukyx3x c1et5uql ii04i59q\">\n<div dir=\"auto\">&nbsp;<\/div>\n<div dir=\"auto\">Toekomstbestendig Overasselt<\/div>\n<div dir=\"auto\">Wethouder Ren\u00e9 Waas: \u201cDe gemeente is erg blij dat de nieuwbouw van de supermarkt na een lange voorbereidingstijd nu van start is gegaan. Daarmee is verzekerd dat deze &#8211; voor Overasselt belangrijke \u2013 voorziening uitgebreid en verbeterd wordt. En misschien nog wel belangrijker dat het behoud ervan ook voor de toekomst geborgd is.<\/div>\n<div dir=\"auto\">&nbsp;<\/div>\n<div dir=\"auto\">Met de bouw van de 12 levensloopbestendige woningen wordt voorzien in de grote behoefte daaraan in Overasselt.\u201d<\/div>\n<\/div>\n<div class=\"o9v6fnle cxmmr5t8 oygrvhab hcukyx3x c1et5uql ii04i59q\">\n<div dir=\"auto\">&nbsp;<\/div>\n<div dir=\"auto\">Planning en informatie<\/div>\n<div dir=\"auto\">Binnenkort start het bouwrijp maken van de nieuwe straat Lagenhof en de grond voor de woningen.<\/div>\n<div dir=\"auto\">De bouw van de woningen zelf start in de zomer van 2021.<\/div>\n<div dir=\"auto\">Meer informatie vindt u op <a class=\"oajrlxb2 g5ia77u1 qu0x051f esr5mh6w e9989ue4 r7d6kgcz rq0escxv nhd2j8a9 nc684nl6 p7hjln8o kvgmc6g5 cxmmr5t8 oygrvhab hcukyx3x jb3vyjys rz4wbd8a qt6c0cv9 a8nywdso i1ao9s8h esuyzwwr f1sip0of lzcic4wl py34i1dx gpro0wi8\" tabindex=\"0\" role=\"link\" href=\"https:\/\/l.facebook.com\/l.php?u=http%3A%2F%2Fwww.heumen.nl%2Fwerklandschapoverasselt%3Ffbclid%3DIwAR3BFyOnBrJp7UFNYu_iPAont21QP_teQNCEQFvj3DscrMVJAcMPceiJqBc&amp;h=AT1Iy7P12Ws8tNoH_BV8-olRoMecD1JUzhweCP1gYh4EuY21ULXSxt_NP47X2Cut6BC8uNmv8OLUE94cHP86UBKnyBmAAdriNUWT03NxqKyQksGEgBrO0vpk48LR42Vm8q4q&amp;__tn__=-UK-R&amp;c[0]=AT00Qq62m5F11MLWGrnG86lBQwrzfL2WNEjoBkRDxW4Phi35w0xfhgCOZ14f6RN8kYHGlDLi0PN3l5TmrEBIQj5mmskKx5z3JZsZCjt0chVjMVmo2wZZpiKQr1XlX51C2OxZznFhMCuZnT_3Qp8EjkEBfOcIymoe8fnpdyqOYgGBEPzDnJy_pWjboWP5p9wrNjtvdcrb\" target=\"_blank\" rel=\"nofollow noopener\">www.heumen.nl\/werklandschapoverasselt<\/a>.<\/div>\n<\/div>\n<\/div>\n<div dir=\"auto\">&nbsp;<\/div>\n<div dir=\"auto\">&nbsp;<\/div>\n<div dir=\"auto\">&nbsp;<\/div>\n<div dir=\"auto\">&nbsp;<\/div>\n<div dir=\"auto\"><span style=\"color: inherit; font-size: 1.95em; font-weight: 600;\">Start werkzaamheden<\/span><\/div>\n<div class=\"kvgmc6g5 cxmmr5t8 oygrvhab hcukyx3x c1et5uql ii04i59q\">\n<div dir=\"auto\">\n<p><span style=\"color: inherit; font-size: 1em; font-weight: 600;\">Eindelijk is het zover, we gaan beginnen.&nbsp;<\/span><\/p>\n<\/div>\n<\/div>\n<div class=\"o9v6fnle cxmmr5t8 oygrvhab hcukyx3x c1et5uql ii04i59q\">\n<div class=\"kvgmc6g5 cxmmr5t8 oygrvhab hcukyx3x c1et5uql ii04i59q\">\n<div class=\"kvgmc6g5 cxmmr5t8 oygrvhab hcukyx3x c1et5uql ii04i59q\">\n<div dir=\"auto\">Van Bergen Bouw uit Nuland gaat voor ons een prachtige supermarkt, bakkerij en wasplaats bouwen inclusief een ruime parkeerplaats.&nbsp; &nbsp; &nbsp; &nbsp; &nbsp; &nbsp; &nbsp; &nbsp; &nbsp; &nbsp; &nbsp;<\/div>\n<\/div>\n<div class=\"o9v6fnle cxmmr5t8 oygrvhab hcukyx3x c1et5uql ii04i59q\">\n<div dir=\"auto\">Openingsdatum is gepland op 21 juli 2021<\/div>\n<\/div>\n<\/div>\n<div dir=\"auto\">\n<div class=\"kvgmc6g5 cxmmr5t8 oygrvhab hcukyx3x c1et5uql ii04i59q\">&nbsp;<\/div>\n<div class=\"o9v6fnle cxmmr5t8 oygrvhab hcukyx3x c1et5uql ii04i59q\">\n<div dir=\"auto\">\n<div dir=\"auto\">De supermarkt wordt een PLUS Briljant 2.0 &nbsp;in de nieuwe formule veel aandacht voor aanbiedingen.&nbsp; &nbsp; &nbsp; &nbsp; &nbsp; &nbsp; &nbsp; &nbsp; &nbsp; &nbsp; &nbsp; &nbsp; &nbsp; &nbsp; &nbsp; &nbsp; &nbsp; &nbsp; &nbsp; &nbsp; &nbsp; &nbsp; &nbsp; &nbsp; &nbsp; &nbsp; &nbsp; &nbsp; &nbsp; &nbsp; &nbsp; &nbsp; &nbsp; &nbsp; &nbsp; &nbsp; &nbsp; &nbsp; &nbsp; &nbsp; &nbsp; &nbsp; &nbsp;&nbsp;<\/div>\n<div dir=\"auto\">Alles draait om goed eten, dat vers is bereid.<\/div>\n<div dir=\"auto\">Op de AGF-afdeling vindt de consument een citruseiland met onder andere de verse sinaasappelsapmachine.<\/div>\n<\/div>\n<div dir=\"auto\">&nbsp;<\/div>\n<div dir=\"auto\">\n<div dir=\"auto\">De ambachtelijk bakkerij heeft een prominente plek in de winkel. Tussen de bakovens, werkbanken en de klant is een open ruimte. Onze klanten kunnen met hun eigen ogen zien en ervaren hoe BAKKERIJ DERKS met haar brood omgaat. We werken in de bakkerij met deegstukken, die dagelijks vers en gekoeld worden bereid. Deze worden in de winkel verder bewerkt en in de oven gebakken.&nbsp; &nbsp; &nbsp; &nbsp; &nbsp; &nbsp; &nbsp; &nbsp; &nbsp; &nbsp; &nbsp; &nbsp; &nbsp; &nbsp; &nbsp; &nbsp; &nbsp; &nbsp; &nbsp; &nbsp; &nbsp; &nbsp; &nbsp; &nbsp; &nbsp; &nbsp; &nbsp; &nbsp; &nbsp; &nbsp; &nbsp; &nbsp; &nbsp; &nbsp; &nbsp; &nbsp; &nbsp; &nbsp; &nbsp; &nbsp; &nbsp; &nbsp; &nbsp; &nbsp; &nbsp; &nbsp; &nbsp; &nbsp; &nbsp;<\/div>\n<div dir=\"auto\">Ook vlaaien en gebak worden in de winkel bereid.<\/div>\n<\/div>\n<\/div>\n<\/div>\n<div class=\"o9v6fnle cxmmr5t8 oygrvhab hcukyx3x c1et5uql ii04i59q\">\n<h5 dir=\"auto\">&nbsp;<\/h5>\n<\/div>\n<\/div>\n\n\n<figure class=\"wp-block-image size-large is-style-default\"><img loading=\"lazy\" decoding=\"async\" width=\"1024\" height=\"768\" src=\"http:\/\/www.derksoverasselt.nl\/wp-content\/uploads\/2020\/10\/WhatsApp-Image-2020-09-27-at-12.10.31-1-2-1024x768.jpeg\" alt=\"\" class=\"wp-image-335\" srcset=\"https:\/\/www.derksoverasselt.nl\/wp-content\/uploads\/2020\/10\/WhatsApp-Image-2020-09-27-at-12.10.31-1-2-1024x768.jpeg 1024w, https:\/\/www.derksoverasselt.nl\/wp-content\/uploads\/2020\/10\/WhatsApp-Image-2020-09-27-at-12.10.31-1-2-300x225.jpeg 300w, https:\/\/www.derksoverasselt.nl\/wp-content\/uploads\/2020\/10\/WhatsApp-Image-2020-09-27-at-12.10.31-1-2-768x576.jpeg 768w, https:\/\/www.derksoverasselt.nl\/wp-content\/uploads\/2020\/10\/WhatsApp-Image-2020-09-27-at-12.10.31-1-2-1536x1152.jpeg 1536w, https:\/\/www.derksoverasselt.nl\/wp-content\/uploads\/2020\/10\/WhatsApp-Image-2020-09-27-at-12.10.31-1-2.jpeg 1600w\" sizes=\"auto, (max-width: 1024px) 100vw, 1024px\" \/><\/figure>\n\n\n\n<h2 class=\"wp-block-heading\">Planning<\/h2>\n\n\n\n<p>Het voorstel tot vaststelling van het bestemmingsplan voor de 2e fase  is    28 september 2020 door de gemeenteraad behandeld. Nu moet de grond bouwrijp worden gemaakt.  De voorbereidingen voor  bouw van supermarkt zijn reeds in volle gang.<\/p>\n\n\n\n<h4 class=\"has-text-align-center has-text-color has-medium-font-size wp-block-heading\" style=\"color:#60a918\">&nbsp;<\/h4>\n\n\n<div class=\"wp-block-image\">\n<figure class=\"aligncenter size-large\"><img loading=\"lazy\" decoding=\"async\" width=\"1024\" height=\"576\" src=\"http:\/\/www.derksoverasselt.nl\/wp-content\/uploads\/2020\/05\/191319-zijaanzicht-met-reclame-1024x576.jpg\" alt=\"\" class=\"wp-image-286\" srcset=\"https:\/\/www.derksoverasselt.nl\/wp-content\/uploads\/2020\/05\/191319-zijaanzicht-met-reclame-1024x576.jpg 1024w, https:\/\/www.derksoverasselt.nl\/wp-content\/uploads\/2020\/05\/191319-zijaanzicht-met-reclame-300x169.jpg 300w, https:\/\/www.derksoverasselt.nl\/wp-content\/uploads\/2020\/05\/191319-zijaanzicht-met-reclame-768x432.jpg 768w, https:\/\/www.derksoverasselt.nl\/wp-content\/uploads\/2020\/05\/191319-zijaanzicht-met-reclame-1536x864.jpg 1536w, https:\/\/www.derksoverasselt.nl\/wp-content\/uploads\/2020\/05\/191319-zijaanzicht-met-reclame.jpg 1920w\" sizes=\"auto, (max-width: 1024px) 100vw, 1024px\" \/><figcaption class=\"wp-element-caption\">Impressies<\/figcaption><\/figure>\n<\/div>\n\n<div class=\"wp-block-image\">\n<figure class=\"aligncenter size-large\"><img loading=\"lazy\" decoding=\"async\" width=\"1024\" height=\"576\" src=\"http:\/\/www.derksoverasselt.nl\/wp-content\/uploads\/2020\/05\/191319-optie-2-a-zijkant-met-reclame-1024x576.jpg\" alt=\"\" class=\"wp-image-285\" srcset=\"https:\/\/www.derksoverasselt.nl\/wp-content\/uploads\/2020\/05\/191319-optie-2-a-zijkant-met-reclame-1024x576.jpg 1024w, https:\/\/www.derksoverasselt.nl\/wp-content\/uploads\/2020\/05\/191319-optie-2-a-zijkant-met-reclame-300x169.jpg 300w, https:\/\/www.derksoverasselt.nl\/wp-content\/uploads\/2020\/05\/191319-optie-2-a-zijkant-met-reclame-768x432.jpg 768w, https:\/\/www.derksoverasselt.nl\/wp-content\/uploads\/2020\/05\/191319-optie-2-a-zijkant-met-reclame-1536x864.jpg 1536w, https:\/\/www.derksoverasselt.nl\/wp-content\/uploads\/2020\/05\/191319-optie-2-a-zijkant-met-reclame.jpg 1920w\" sizes=\"auto, (max-width: 1024px) 100vw, 1024px\" \/><figcaption class=\"wp-element-caption\">Impressies<\/figcaption><\/figure>\n<\/div>\n\n\n<p class=\"has-large-font-size\"><strong>Historie<\/strong><\/p>\n\n\n\n<p>Op 1 mei 2020 wordt voor de ontwikkeling van de 2<sup>e<\/sup>&nbsp;fase van het Werklandschap een bestemmingsplanwijziging in procedure gebracht. Deze wijziging is noodzakelijk, omdat de verkavelings- en ontsluitingsstructuur zijn gewijzigd ten opzichte van de oorspronkelijke planopzet en in verband met de toevoeging van de woningen. &nbsp;Het bestemmingsplan 2009 heeft al bedrijvigheid mogelijk gemaakt. In plaats van bedrijvigheid wordt nu meer groen voorgesteld en een functie wonen in aansluiting op Buurderij De Lage Hof. Ook wordt het mogelijk detailhandel toe te voegen.<\/p>\n\n\n\n<p>Er is in het gebied een knip gemaakt in de verkeersontsluiting. In het vorige plan was er een doorgaande verbinding vanaf de Schoonenburgseweg naar de Kasteelsestraat. In het nieuwe bestemmingsplan is dat niet meer mogelijk. Er komen twee ontsluitingen, namelijk de reeds aanwezige ontsluitingsweg voor de bedrijfskavels in het noorden en een geprojecteerde ontsluitingsweg voor het zorgcentrum en de nieuwe woningen vanaf de Schoonenburgseweg. Deze weg kan ook worden gebruikt voor het bevoorraden van de beoogde supermarkt annex bakkerij via de achterzijde.<\/p>\n\n\n\n<p><\/p>\n\n\n<div class=\"wp-block-image is-style-default\">\n<figure class=\"aligncenter size-large is-resized\"><img loading=\"lazy\" decoding=\"async\" src=\"https:\/\/www.derksoverasselt.nl\/wp-content\/uploads\/2020\/01\/Derks-Overasselt-1681-2-827x1024.jpg\" alt=\"\" class=\"wp-image-242\" width=\"335\" height=\"415\" srcset=\"https:\/\/www.derksoverasselt.nl\/wp-content\/uploads\/2020\/01\/Derks-Overasselt-1681-2-827x1024.jpg 827w, https:\/\/www.derksoverasselt.nl\/wp-content\/uploads\/2020\/01\/Derks-Overasselt-1681-2-242x300.jpg 242w, https:\/\/www.derksoverasselt.nl\/wp-content\/uploads\/2020\/01\/Derks-Overasselt-1681-2-768x950.jpg 768w, https:\/\/www.derksoverasselt.nl\/wp-content\/uploads\/2020\/01\/Derks-Overasselt-1681-2-1241x1536.jpg 1241w, https:\/\/www.derksoverasselt.nl\/wp-content\/uploads\/2020\/01\/Derks-Overasselt-1681-2-1655x2048.jpg 1655w\" sizes=\"auto, (max-width: 335px) 100vw, 335px\" \/><\/figure>\n<\/div>\n\n\n<p>Rond 5 mei is er eerst een cosmetische verbouwing in het huidige pand, waarna de broers begin 2021 een nieuwbouw-Plus willen openen in het dorp. \u2018We zullen voor het eerst moeten fietsen naar het werk.\u2019<br>\u2018Levensmiddelen Derks Bakkerij\u2019 staat in grote letters op de gevel. De familie Derks heeft al sinds jaar en dag een supermarkt met eigen bakkerij, carwash, tankstation en woning op deze plek aan de Hoogstraat te Overasselt. Over minder dan een jaar zijn ze er weg en is de kleinste PLUS uit de Gelderse plaats verdwenen. Een paar honderd meter verderop in de straat moet dan de Plus Briljant 2.0 van de familie Derks geopend zijn.<\/p>\n\n\n\n<p>Nieuwbouw-Plus vier keer groter<br>Van supertje van 230 vierkante meter stappen de Derks-broers en hun partners vanaf november over op een winkel van 1000 vierkante meter vvo. In totaal gaat het om een nieuwbouwpand van 2000 vierkante meter op een perceel van zo\u2019n 6000 meter. Naast het pand komt de carwash. Het tankstation van familie Derks verhuist niet mee.<br>In het pand komt, behalve de supermarkt, een slagerij van een andere ondernemer, een lunchroom en er komt iets als een drogist, slijterij of bloemist. De exacte invulling is nog niet bekend. Arnold Derks: \u2018We zijn nu toe aan de afronding, waarbij we volop medewerking krijgen vanuit de gemeente.<br>We zitten nu echt in een stroomversnelling.\u2019<br>Dat is wel even anders geweest. \u2018Zelf spelen we misschien al wel vijf jaar met het idee om te verhuizen\u2019, zegt Theo Derks, die tijdens de zoektocht naar uitbreidmogelijkheden een bekende wethouder sprak. \u2018Er ligt daar werklandschap, zei ik tegen hem, is dat niet iets voor ons?\u2019 Vervolgens begonnen de heren, samen met de slager, plannen te maken. Maar ze kwamen er niet uit met het toenmalige college. Dat werd twee jaar geleden vervangen, waarna het project in de wacht is gezet. \u2018Voor hen was er geen prioriteit.\u2019<br><br>De ondernemers kregen het verzoek om uit te breiden circa vijf jaar geleden van de leverancier. Op de huidige locatie zag de formule te weinig ruimte voor een supermarkt. \u2018Dan kun je de bakkerij verplaatsen of op die plek 200 vierkante meter extra bouwen, maar dat is een dure verbouwing. En waar sta je dan over tien jaar?\u2019 \u2018Voor de toekomst was het nodig om uit te breiden. Overasselt kent een gezonde, lichte inwonersgroei en de woningmarkt is vrijgegeven, waardoor er meer gebouwd mag worden. Mogelijk komt er achter ons nieuwbouwpand een aantal aanleunwoningen.\u2019<\/p>\n\n\n\n<h2 class=\"wp-block-heading\">&nbsp;<\/h2>\n\n\n\n<p><\/p>\n\n\n\n<p><\/p>\n\n\n\n<p><\/p>\n\n\n\n<p><\/p>\n\n\n\n<p><\/p>\n\n\n\n<p><\/p>\n\n\n\n<p><\/p>\n\n\n\n<figure class=\"wp-block-image size-full\"><img loading=\"lazy\" decoding=\"async\" width=\"600\" height=\"300\" src=\"http:\/\/www.derksoverasselt.nl\/wp-content\/uploads\/2021\/09\/image-2.png\" alt=\"\" class=\"wp-image-487\" srcset=\"https:\/\/www.derksoverasselt.nl\/wp-content\/uploads\/2021\/09\/image-2.png 600w, https:\/\/www.derksoverasselt.nl\/wp-content\/uploads\/2021\/09\/image-2-300x150.png 300w\" sizes=\"auto, (max-width: 600px) 100vw, 600px\" \/><\/figure>\n\n\n\n<p><\/p>\n\n\n\n<p><a href=\"https:\/\/static.levensmiddelenkrant.nl\/uploads\/c6\/0c\/c60c0b8c2498774e6bc9ec156f1fe52b.jpeg\"><u>v.l.n.r. Marc van den Ende, Huub Franssen, Arnold, Elles, Theo en Jessica Derks en Edwin Linssen<\/u><\/a><\/p>\n\n\n\n<p>|<\/p>\n\n\n\n<p><em>Door&nbsp;<\/em><a href=\"https:\/\/www.levensmiddelenkrant.nl\/articles\/author\/58665.html\"><em><u>Roel Diender<\/u><\/em><\/a><\/p>\n\n\n\n<h1 class=\"wp-block-heading\"><strong>Ondernemersfamilie Derks stapt over naar Plus<\/strong><\/h1>\n\n\n\n<p><strong>UTRECHT &#8211; De familie Derks runt op dit moment een filiaal van Coop in Overasselt in de provincie Gelderland, maar zal binnenkort overstappen naar Plus.<\/strong><\/p>\n\n\n\n<p>De supermarkt wordt al generaties lang gerund door de familie Derks. Op dit moment is de dagelijkse leiding in handen van de broers Arnold en Theo, samen met hun partners Elles en Jessika. Naast de supermarkt zijn zij eigenaar van een ambachtelijke bakkerij, tankstation en autowasstraat.&nbsp;Edwin Linssen, directeur Winkelorganisatie bij Plus Retail: \u201cDe winkel van de familie Derks is een prachtige toevoeging voor Plus. Het ondernemerschap zit in hun bloed en ik heb er sterk vertrouwen in dat dit volledig tot zijn recht kan komen in onze co\u00f6peratie van zelfstandig ondernemers.\u201d<\/p>\n\n\n\n<p>Briljant 2.0<br>Naast de winkel van de familie Dirks komt er november nog een Plus bij&nbsp; in Overasselt. Aan de rand van de gemeente wordt een&nbsp;Briljant 2.0 supermarkt gerealiseerd, de nieuwste formule van Plus. In een 2.000 vierkante meter groot winkelpand zit niet alleen de supermarkt, maar is ook ruimte voor de eigen bakkerij, een lunchroom, plaatselijke slagerij en een nog nader te bepalen andere lokale ondernemer.<\/p>\n\n\n\n<p>Bron: Levensmiddelenkrant<\/p>\n\n\n\n<h2 class=\"wp-block-heading\">Bakkerij en supermarkt Derks, al 5 generaties een begrip in Overasselt!<\/h2>\n\n\n\n<p><strong>Van bakkerij\/boer in 1844 tot bakkerij\/supermarkt in 2021. Zeg je Derks, dan zeg je Bakkerij Derks. Een vaste waarde in Overasselt en omgeving. Maar in de afgelopen 177 jaar is er toch het nodige veranderd. Wat hetzelfde is gebleven is de kwaliteit van ons brood en banket en de familie die dit al voor de vijfde generatie met evenveel passie doet.<\/strong><\/p>\n\n\n\n<p>Hoewel het niet de eerste keer is dat Bakkerij Derks verhuist naar een nieuwe locoatie, voelt dit weel als een hele belangrijke verandering. Want deden we tot nu toe de supermarkt erbij, vanaf 21 juli, in ons nieuwe pand aan de Lagenhof nr. 5 neemt de supermarkt een heel belangrijke plaats in. Voor wie geinteresseerd is in de geschiedenis van onze bakkerij annex supermarkt, hier een aantal mooie foto`s uit de oude doos. Prachtige o ja! momenten voor de ouderen onder ons! En natuurlijk mag een stukje geschiedschrijving niet onderbreken:<\/p>\n\n\n\n<p>1844: Arnoldus Derks, boer en bakker aan de Schoonenburgseweg, met de winkel in de huiskamer.<\/p>\n\n\n\n<p>1890-1928: Gerardus Derks verhuisde naar hoek Valkstraat, Garstkampsestraat als boer en bakker. Zijn vrouw stond in de winkel met verkoop suiker, bloem koffie en thee.<\/p>\n\n\n\n<p>1928: werd Jacobus Derks bakker. Zijn bijnaam was Kos den Bekker nam de bakkerij over van zijn vader. In 1995 werd de winkel uitgebreid naar hoe we hem nu kennen.<\/p>\n\n\n\n<p>2003: Theo en Arnold, zonen van Jan van Kos den Bekker, zetten als 5e generatie de traditie voort. Met als hoogtepunt de verhuizing in 2021, terug richting Schoonenburgseweg (Lagenhof).<\/p>\n\n\n\n<p>Als u straks naar onze nieuwe winkel komt, zult u verbaasd staan over de enorme verandering die we hebben gerealiseerd met deze nieuwbouw. Wat meteen opvalt als u binnenkomt, is dat de bakkerij nog steeds een belangrijke rol vervult. Verder vindt u in onze winkel alles wat u nodig heeft voor uw dagelijkse boodschappen, maar ook een gezellige borrel of barbecue hebben wij alles in huis. En heeft u een keer minder tijd om zelf te koken? Bij ons vindt u heerlijke, verse en gezonde maaltijden die u thuis alleen nog maar even hoeft op te warmen. En kunt u iets niet vinden? Onze trotse, enthousiaste medewerkers staan voor u klaar om u wegwijs te maken in de winkel.<\/p>\n\n\n\n<p><strong>Graag tot ziens op de Lagenhof Familie Derks en medewerkers.<\/strong><\/p>\n\n\n\n<p><\/p>\n\n\n\n<p><\/p>\n","protected":false},"excerpt":{"rendered":"<p>PLUS-DERKS, AL ANDERHALF JAAR DE TROTS VAN OVERASSELTDOOR MIEKE DE GRAAFFDat de grote supermarkt aan de Lagenhof van toegevoegde waarde &hellip; <\/p>\n","protected":false},"author":3365,"featured_media":0,"parent":0,"menu_order":0,"comment_status":"closed","ping_status":"closed","template":"","meta":{"footnotes":""},"class_list":["post-148","page","type-page","status-publish","hentry"],"_links":{"self":[{"href":"https:\/\/www.derksoverasselt.nl\/index.php?rest_route=\/wp\/v2\/pages\/148","targetHints":{"allow":["GET"]}}],"collection":[{"href":"https:\/\/www.derksoverasselt.nl\/index.php?rest_route=\/wp\/v2\/pages"}],"about":[{"href":"https:\/\/www.derksoverasselt.nl\/index.php?rest_route=\/wp\/v2\/types\/page"}],"author":[{"embeddable":true,"href":"https:\/\/www.derksoverasselt.nl\/index.php?rest_route=\/wp\/v2\/users\/3365"}],"replies":[{"embeddable":true,"href":"https:\/\/www.derksoverasselt.nl\/index.php?rest_route=%2Fwp%2Fv2%2Fcomments&post=148"}],"version-history":[{"count":61,"href":"https:\/\/www.derksoverasselt.nl\/index.php?rest_route=\/wp\/v2\/pages\/148\/revisions"}],"predecessor-version":[{"id":859,"href":"https:\/\/www.derksoverasselt.nl\/index.php?rest_route=\/wp\/v2\/pages\/148\/revisions\/859"}],"wp:attachment":[{"href":"https:\/\/www.derksoverasselt.nl\/index.php?rest_route=%2Fwp%2Fv2%2Fmedia&parent=148"}],"curies":[{"name":"wp","href":"https:\/\/api.w.org\/{rel}","templated":true}]}}